{"id":3501,"date":"2021-10-05T16:55:30","date_gmt":"2021-10-05T16:55:30","guid":{"rendered":"https:\/\/annualreport.nwmo.ca\/2023\/?page_id=3501"},"modified":"2024-03-04T12:28:56","modified_gmt":"2024-03-04T17:28:56","slug":"governance-and-accountability","status":"publish","type":"page","link":"https:\/\/annualreport.nwmo.ca\/2023\/fr\/governance-and-accountability\/","title":{"rendered":"Gouvernance et reddition de comptes"},"content":{"rendered":"<p>[et_pb_section fb_built=\u00a0\u00bb1&Prime; fullwidth=\u00a0\u00bbon\u00a0\u00bb disabled_on=\u00a0\u00bboff|off|off\u00a0\u00bb _builder_version=\u00a0\u00bb4.24.0&Prime; _module_preset=\u00a0\u00bbdefault\u00a0\u00bb locked=\u00a0\u00bboff\u00a0\u00bb global_colors_info=\u00a0\u00bb{}\u00a0\u00bb][et_pb_fullwidth_header _builder_version=\u00a0\u00bb4.24.2&Prime; _module_preset=\u00a0\u00bbdefault\u00a0\u00bb background_image=\u00a0\u00bbhttps:\/\/annualreport.nwmo.ca\/2023\/wp-content\/uploads\/2024\/01\/Governance-Desktop.jpg\u00a0\u00bb background_enable_image=\u00a0\u00bbon\u00a0\u00bb background_image_phone=\u00a0\u00bbhttps:\/\/annualreport.nwmo.ca\/2023\/wp-content\/uploads\/2024\/01\/Governance-Mobile.jpg\u00a0\u00bb background_enable_image_phone=\u00a0\u00bbon\u00a0\u00bb global_colors_info=\u00a0\u00bb{}\u00a0\u00bb]<\/p>\n<p><em>Dans le cadre d\u2019une bonne gouvernance, la direction de la SGDN tient le Conseil d\u2019administration au courant de la mise en oeuvre \u00e0 long terme s\u00fbre du plan canadien.<\/em><\/p>\n<p>[\/et_pb_fullwidth_header][\/et_pb_section][et_pb_section fb_built=\u00a0\u00bb1&Prime; _builder_version=\u00a0\u00bb4.23.4&Prime; _module_preset=\u00a0\u00bbdefault\u00a0\u00bb background_enable_image=\u00a0\u00bboff\u00a0\u00bb background_position=\u00a0\u00bbtop_center\u00a0\u00bb overflow-x=\u00a0\u00bbhidden\u00a0\u00bb custom_margin=\u00a0\u00bb||||false|false\u00a0\u00bb custom_padding=\u00a0\u00bb||0px||false|false\u00a0\u00bb global_colors_info=\u00a0\u00bb{}\u00a0\u00bb][et_pb_row _builder_version=\u00a0\u00bb4.16&Prime; _module_preset=\u00a0\u00bbdefault\u00a0\u00bb global_colors_info=\u00a0\u00bb{}\u00a0\u00bb][et_pb_column type=\u00a0\u00bb4_4&Prime; _builder_version=\u00a0\u00bb4.16&Prime; _module_preset=\u00a0\u00bbdefault\u00a0\u00bb global_colors_info=\u00a0\u00bb{}\u00a0\u00bb][et_pb_text module_class=\u00a0\u00bbpage-title\u00a0\u00bb _builder_version=\u00a0\u00bb4.24.2&Prime; _module_preset=\u00a0\u00bbdefault\u00a0\u00bb header_font=\u00a0\u00bb|300|||||||\u00a0\u00bb header_font_size=\u00a0\u00bb48px\u00a0\u00bb header_line_height=\u00a0\u00bb1.2em\u00a0\u00bb header_2_font=\u00a0\u00bb|300|||||||\u00a0\u00bb header_2_font_size=\u00a0\u00bb48px\u00a0\u00bb header_2_line_height=\u00a0\u00bb1.2em\u00a0\u00bb custom_margin=\u00a0\u00bb||0px||false|false\u00a0\u00bb global_colors_info=\u00a0\u00bb{}\u00a0\u00bb]<\/p>\n<h1>Gouvernance et reddition de comptes \t<div class=\"share-menu\">\n\t\t<a href=\"#\" class=\"share-btn\" title=\"Share\">\n\t\t\t<div class=\"et_pb_module et_pb_icon title_share\">\n\t\t\t\t<span class=\"et_pb_icon_wrap \"><span class=\"et-pb-icon\">\ue605<\/span><\/span>\n\t\t\t<\/div>\n\t\t<\/a>\n\t\t\n\t<\/div>\n\t<div class=\"social-media social-share\" style=\"display: none;\">\n\t\t<div class=\"share-menu-inner\">\n\t\t\t<a href=\"mailto:?subject=Gouvernance et reddition de comptes&body=https:\/\/annualreport.nwmo.ca\/2023\/fr\/governance-and-accountability\/\" target=\"_blank\" title=\"Email\"><div class=\"et_pb_module et_pb_icon\">\n\t\t\t\t<span class=\"et_pb_icon_wrap\"><span class=\"et-pb-icon\">\ue076<\/span><\/span>\n\t\t\t<\/div><\/a>\t\t\t<a href=\"https:\/\/www.facebook.com\/sharer\/sharer.php?u=https:\/\/annualreport.nwmo.ca\/2023\/fr\/governance-and-accountability\/\" target=\"_blank\" title=\"Facebook\"><div class=\"et_pb_module et_pb_icon\">\n\t\t\t\t<span class=\"et_pb_icon_wrap\"><span class=\"et-pb-icon\">\ue093<\/span><\/span>\n\t\t\t<\/div><\/a>\t\t\t<a href=\"https:\/\/www.messenger.com\/\" target=\"_blank\" title=\"Messenger\"><div class=\"et_pb_module et_pb_icon font-awesome\">\n\t\t\t\t<span class=\"et_pb_icon_wrap\"><span class=\"et-pb-icon\">\uf39f<\/span><\/span>\n\t\t\t<\/div><\/a>\t\t\t<a href=\"http:\/\/twitter.com\/share?text=Gouvernance et reddition de comptes&url=https:\/\/annualreport.nwmo.ca\/2023\/fr\/governance-and-accountability\/\" target=\"_blank\"  title=\"Twitter\"><div class=\"et_pb_module et_pb_icon\">\n\t\t\t\t<span class=\"et_pb_icon_wrap\"><span class=\"et-pb-icon\">\ue094<\/span><\/span>\n\t\t\t<\/div><\/a>\t\t\t<a href=\"https:\/\/www.linkedin.com\/shareArticle?mini=true&url=https:\/\/annualreport.nwmo.ca\/2023\/fr\/governance-and-accountability\/\" target=\"_blank\" title=\"Linkedin\"><div class=\"et_pb_module et_pb_icon\">\n\t\t\t\t<span class=\"et_pb_icon_wrap\"><span class=\"et-pb-icon\">\ue09d<\/span><\/span>\n\t\t\t<\/div><\/a>\t\t\t<a href=\"whatsapp:\/\/send?text=Gouvernance et reddition de comptes - https:\/\/annualreport.nwmo.ca\/2023\/fr\/governance-and-accountability\/\" target=\"_blank\" title=\"WhatsApp\"><div class=\"et_pb_module et_pb_icon font-awesome\">\n\t\t\t\t<span class=\"et_pb_icon_wrap\"><span class=\"et-pb-icon\">\uf232<\/span><\/span>\n\t\t\t<\/div><\/a>\t\t\t<a href=\"#\" class=\"copy-url\" data-url=\"https:\/\/annualreport.nwmo.ca\/2023\/fr\/governance-and-accountability\/\" title=\"Copier le lien\">\n\t\t\t\t<div class=\"et_pb_module et_pb_icon\">\n\t\t\t\t\t<span class=\"et_pb_icon_wrap\"><span class=\"et-pb-icon\">\ue059<\/span><\/span>\n\t\t\t\t<\/div>\n\t\t\t<\/a>\t\t<\/div>\n\t<\/div>\n\n\t<\/h1>\n<p>[\/et_pb_text][\/et_pb_column][\/et_pb_row][et_pb_row use_custom_gutter=\u00a0\u00bbon\u00a0\u00bb gutter_width=\u00a0\u00bb2&Prime; module_class=\u00a0\u00bbrow-content\u00a0\u00bb _builder_version=\u00a0\u00bb4.16&Prime; _module_preset=\u00a0\u00bbdefault\u00a0\u00bb background_enable_color=\u00a0\u00bboff\u00a0\u00bb custom_padding=\u00a0\u00bb0px||||false|false\u00a0\u00bb border_radii=\u00a0\u00bboff||||\u00a0\u00bb global_colors_info=\u00a0\u00bb{}\u00a0\u00bb][et_pb_column type=\u00a0\u00bb4_4&Prime; _builder_version=\u00a0\u00bb4.16&Prime; _module_preset=\u00a0\u00bbdefault\u00a0\u00bb global_colors_info=\u00a0\u00bb{}\u00a0\u00bb][et_pb_text _builder_version=\u00a0\u00bb4.24.2&Prime; _module_preset=\u00a0\u00bbdefault\u00a0\u00bb header_5_font=\u00a0\u00bbHelveticaNeue-Regular|700|||||||\u00a0\u00bb global_colors_info=\u00a0\u00bb{}\u00a0\u00bb]<\/p>\n<p>Les Canadiens et les peuples autochtones peuvent \u00eatre assur\u00e9s que l\u2019organisation responsable de la gestion \u00e0 long terme s\u00fbre des d\u00e9chets radioactifs de moyenne activit\u00e9 et de haute activit\u00e9 du Canada s\u2019est dot\u00e9e d\u2019une solide structure de gouvernance.<\/p>\n<p>La transparence est une des valeurs organisationnelles de la SGDN et fait partie int\u00e9grante de notre structure de gouvernance. Cette valeur refl\u00e8te l\u2019engagement que nous avons pris de communiquer et de fournir nos renseignements de mani\u00e8re ouverte et responsable sur notre approche, nos processus et nos d\u00e9cisions. La SGDN est guid\u00e9e par une <a href=\"https:\/\/www.nwmo.ca\/-\/media\/Reports---Files\/PDFs\/2020\/09\/30\/15\/51\/Transparency-Policy-2020.ashx?rev=de4c3ed1b62b445e8eb5b481d74005a2&amp;sc_lang=fr\" target=\"_blank\" rel=\"noopener\"><em>Politique de transparence<\/em><\/a> qui est conforme \u00e0 toutes les lois pertinentes en mati\u00e8re de libert\u00e9 d\u2019information, d\u2019acc\u00e8s \u00e0 l\u2019information et de protection de la vie priv\u00e9e.<\/p>\n<p>La SGDN agit en fonction d\u2019un mandat f\u00e9d\u00e9ral conf\u00e9r\u00e9 par la <em>Loi sur les d\u00e9chets de combustible nucl\u00e9aire<\/em> (<em>LDCN<\/em>). Nos membres sont des soci\u00e9t\u00e9s provinciales qui produisent du combustible nucl\u00e9aire irradi\u00e9. En tant que soci\u00e9t\u00e9 \u00e0 but non lucratif, la SGDN est assujettie \u00e0 la <em>Loi canadienne sur les organisations \u00e0 but non lucratif<\/em>.<\/p>\n<p>Nous sommes gouvern\u00e9s par un Conseil d\u2019administration de neuf personnes \u00e9lues par les soci\u00e9t\u00e9s membres. Le Conseil d\u2019administration repr\u00e9sente un large \u00e9ventail de points de vue propres et ext\u00e9rieurs \u00e0 l\u2019industrie nucl\u00e9aire et exerce son leadership au regard de l\u2019\u00e9laboration des orientations strat\u00e9giques de la Soci\u00e9t\u00e9.<\/p>\n<p>Le Conseil consultatif, un organe consultatif ind\u00e9pendant \u00e9tabli en vertu de la <em>LDCN<\/em>, conseille de mani\u00e8re continuelle la SGDN.<\/p>\n<p>La communication de l\u2019information et l\u2019\u00e9change de points de vue sont essentiels \u00e0 notre mandat de mise en oeuvre du plan canadien. C\u2019est pourquoi nous sollicitons \u00e9galement l\u2019examen ind\u00e9pendant de notre travail aupr\u00e8s de plusieurs comit\u00e9s externes, notamment le Conseil des a\u00een\u00e9s et des jeunes, le Forum municipal, le Groupe d\u2019examen g\u00e9oscientifique, le Groupe d\u2019examen environnemental et le Groupe d\u2019examen pour la s\u00e9lection d\u2019un site. Cela nous permet de nous assurer que nous sommes constamment sur le chemin de l\u2019excellence.<\/p>\n<p>Gr\u00e2ce \u00e0 notre syst\u00e8me int\u00e9gr\u00e9 de gestion, la SGDN est bien outill\u00e9e pour r\u00e9aliser nos mandats tout en prot\u00e9geant les gens et l\u2019environnement pour les g\u00e9n\u00e9rations \u00e0 venir. En 2023, nous avons continu\u00e9 \u00e0 am\u00e9liorer notre syst\u00e8me de gestion pour qu\u2019il soutienne encore mieux le personnel dans l\u2019ex\u00e9cution de son travail, et ce, d\u2019une mani\u00e8re qui est adapt\u00e9e \u00e0 l\u2019\u00e9volution de notre programme et de nos op\u00e9rations.<\/p>\n<p>[\/et_pb_text][\/et_pb_column][\/et_pb_row][\/et_pb_section][et_pb_section fb_built=\u00a0\u00bb1&Prime; admin_label=\u00a0\u00bbs1&Prime; module_id=\u00a0\u00bbsection-1&Prime; module_class=\u00a0\u00bbtoggle-section\u00a0\u00bb _builder_version=\u00a0\u00bb4.16&Prime; _module_preset=\u00a0\u00bbdefault\u00a0\u00bb custom_margin=\u00a0\u00bb||||false|false\u00a0\u00bb custom_padding=\u00a0\u00bb0px||0px||false|false\u00a0\u00bb global_colors_info=\u00a0\u00bb{}\u00a0\u00bb][et_pb_row _builder_version=\u00a0\u00bb4.16&Prime; _module_preset=\u00a0\u00bbdefault\u00a0\u00bb global_colors_info=\u00a0\u00bb{}\u00a0\u00bb][et_pb_column type=\u00a0\u00bb4_4&Prime; _builder_version=\u00a0\u00bb4.16&Prime; _module_preset=\u00a0\u00bbdefault\u00a0\u00bb global_colors_info=\u00a0\u00bb{}\u00a0\u00bb][et_pb_text module_class=\u00a0\u00bbtoggle-btn\u00a0\u00bb _builder_version=\u00a0\u00bb4.24.2&Prime; _module_preset=\u00a0\u00bbdefault\u00a0\u00bb header_2_font=\u00a0\u00bb|300|||||||\u00a0\u00bb header_3_font=\u00a0\u00bb|300|||||||\u00a0\u00bb global_colors_info=\u00a0\u00bb{}\u00a0\u00bb]<\/p>\n<h2>Rapports annuels et triennaux pr\u00e9sent\u00e9s au ministre<\/h2>\n<p>[\/et_pb_text][\/et_pb_column][\/et_pb_row][\/et_pb_section][et_pb_section fb_built=\u00a0\u00bb1&Prime; admin_label=\u00a0\u00bbs1 content\u00a0\u00bb module_class=\u00a0\u00bbsection-1 toggle-section toggle-content \u00a0\u00bb _builder_version=\u00a0\u00bb4.16&Prime; _module_preset=\u00a0\u00bbdefault\u00a0\u00bb custom_padding=\u00a0\u00bb0px||||false|false\u00a0\u00bb global_colors_info=\u00a0\u00bb{}\u00a0\u00bb][et_pb_row _builder_version=\u00a0\u00bb4.16&Prime; _module_preset=\u00a0\u00bbdefault\u00a0\u00bb global_colors_info=\u00a0\u00bb{}\u00a0\u00bb][et_pb_column type=\u00a0\u00bb4_4&Prime; _builder_version=\u00a0\u00bb4.16&Prime; _module_preset=\u00a0\u00bbdefault\u00a0\u00bb global_colors_info=\u00a0\u00bb{}\u00a0\u00bb][et_pb_text _builder_version=\u00a0\u00bb4.24.2&Prime; _module_preset=\u00a0\u00bbdefault\u00a0\u00bb header_5_font=\u00a0\u00bbHelveticaNeue-Regular|700|||||||\u00a0\u00bb global_colors_info=\u00a0\u00bb{}\u00a0\u00bb]<\/p>\n<p>Conform\u00e9ment \u00e0 la <em>LDCN<\/em>, la SGDN produit chaque ann\u00e9e un rapport annuel qui est d\u00e9pos\u00e9 au Parlement et publi\u00e9 sur notre site Web. Le ministre de l\u2019\u00c9nergie et des Ressources naturelles publie une d\u00e9claration \u00e0 son sujet chaque ann\u00e9e.<\/p>\n<p>De plus, tous les trois ans, la SGDN produit un rapport triennal, conform\u00e9ment aux obligations impos\u00e9es par la <em>LDCN<\/em>. Le dernier rapport triennal couvrait la p\u00e9riode\u00a02020-22 et a \u00e9t\u00e9 publi\u00e9 en mars 2023.<\/p>\n<p>[\/et_pb_text][\/et_pb_column][\/et_pb_row][\/et_pb_section][et_pb_section fb_built=\u00a0\u00bb1&Prime; admin_label=\u00a0\u00bbs1&Prime; module_id=\u00a0\u00bbsection-2&Prime; module_class=\u00a0\u00bbtoggle-section\u00a0\u00bb _builder_version=\u00a0\u00bb4.19.5&Prime; _module_preset=\u00a0\u00bbdefault\u00a0\u00bb custom_margin=\u00a0\u00bb||||false|false\u00a0\u00bb custom_padding=\u00a0\u00bb0px||0px||false|false\u00a0\u00bb global_colors_info=\u00a0\u00bb{}\u00a0\u00bb][et_pb_row _builder_version=\u00a0\u00bb4.16&Prime; _module_preset=\u00a0\u00bbdefault\u00a0\u00bb global_colors_info=\u00a0\u00bb{}\u00a0\u00bb][et_pb_column type=\u00a0\u00bb4_4&Prime; _builder_version=\u00a0\u00bb4.16&Prime; _module_preset=\u00a0\u00bbdefault\u00a0\u00bb global_colors_info=\u00a0\u00bb{}\u00a0\u00bb][et_pb_text module_class=\u00a0\u00bbtoggle-btn\u00a0\u00bb _builder_version=\u00a0\u00bb4.24.2&Prime; _module_preset=\u00a0\u00bbdefault\u00a0\u00bb header_2_font=\u00a0\u00bb|300|||||||\u00a0\u00bb header_3_font=\u00a0\u00bb|300|||||||\u00a0\u00bb global_colors_info=\u00a0\u00bb{}\u00a0\u00bb]<\/p>\n<h2>Rapports pr\u00e9sent\u00e9s aux soci\u00e9t\u00e9s membres<\/h2>\n<p>[\/et_pb_text][\/et_pb_column][\/et_pb_row][\/et_pb_section][et_pb_section fb_built=\u00a0\u00bb1&Prime; admin_label=\u00a0\u00bbs1 content\u00a0\u00bb module_class=\u00a0\u00bbsection-2 toggle-section toggle-content \u00a0\u00bb _builder_version=\u00a0\u00bb4.19.5&Prime; _module_preset=\u00a0\u00bbdefault\u00a0\u00bb custom_padding=\u00a0\u00bb0px||||false|false\u00a0\u00bb global_colors_info=\u00a0\u00bb{}\u00a0\u00bb][et_pb_row _builder_version=\u00a0\u00bb4.16&Prime; _module_preset=\u00a0\u00bbdefault\u00a0\u00bb global_colors_info=\u00a0\u00bb{}\u00a0\u00bb][et_pb_column type=\u00a0\u00bb4_4&Prime; _builder_version=\u00a0\u00bb4.16&Prime; _module_preset=\u00a0\u00bbdefault\u00a0\u00bb global_colors_info=\u00a0\u00bb{}\u00a0\u00bb][et_pb_text _builder_version=\u00a0\u00bb4.24.2&Prime; _module_preset=\u00a0\u00bbdefault\u00a0\u00bb header_5_font=\u00a0\u00bbHelveticaNeue-Regular|700|||||||\u00a0\u00bb global_colors_info=\u00a0\u00bb{}\u00a0\u00bb]<\/p>\n<p>Les membres fondateurs de la SGDN sont Ontario Power Generation, la Soci\u00e9t\u00e9 d\u2019\u00e9nergie du Nouveau-Brunswick et Hydro-Qu\u00e9bec. La convention d\u2019affiliation et les r\u00e8glements g\u00e9n\u00e9raux d\u00e9finissent les r\u00f4les et les responsabilit\u00e9s des membres au regard des objectifs de la <em>LDCN<\/em> et du mandat de mise en oeuvre de la SGDN. La SGDN renseigne r\u00e9guli\u00e8rement nos organisations membres sur nos activit\u00e9s et tient avec elles une assembl\u00e9e g\u00e9n\u00e9rale annuelle.<\/p>\n<p>[\/et_pb_text][\/et_pb_column][\/et_pb_row][\/et_pb_section][et_pb_section fb_built=\u00a0\u00bb1&Prime; admin_label=\u00a0\u00bbs2&Prime; module_id=\u00a0\u00bbsection-3&Prime; module_class=\u00a0\u00bbtoggle-section\u00a0\u00bb _builder_version=\u00a0\u00bb4.19.5&Prime; _module_preset=\u00a0\u00bbdefault\u00a0\u00bb custom_padding=\u00a0\u00bb0px||0px||false|false\u00a0\u00bb global_colors_info=\u00a0\u00bb{}\u00a0\u00bb][et_pb_row _builder_version=\u00a0\u00bb4.16&Prime; _module_preset=\u00a0\u00bbdefault\u00a0\u00bb global_colors_info=\u00a0\u00bb{}\u00a0\u00bb][et_pb_column type=\u00a0\u00bb4_4&Prime; _builder_version=\u00a0\u00bb4.16&Prime; _module_preset=\u00a0\u00bbdefault\u00a0\u00bb global_colors_info=\u00a0\u00bb{}\u00a0\u00bb][et_pb_text module_class=\u00a0\u00bbtoggle-btn\u00a0\u00bb _builder_version=\u00a0\u00bb4.24.2&Prime; _module_preset=\u00a0\u00bbdefault\u00a0\u00bb header_2_font=\u00a0\u00bb|300|||||||\u00a0\u00bb header_3_font=\u00a0\u00bb|300|||||||\u00a0\u00bb global_colors_info=\u00a0\u00bb{}\u00a0\u00bb]<\/p>\n<h2>Syst\u00e8me int\u00e9gr\u00e9 de gestion<\/h2>\n<p>[\/et_pb_text][\/et_pb_column][\/et_pb_row][\/et_pb_section][et_pb_section fb_built=\u00a0\u00bb1&Prime; admin_label=\u00a0\u00bbs2 content\u00a0\u00bb module_class=\u00a0\u00bbsection-3 toggle-section  toggle-content \u00a0\u00bb _builder_version=\u00a0\u00bb4.19.5&Prime; _module_preset=\u00a0\u00bbdefault\u00a0\u00bb custom_padding=\u00a0\u00bb0px||||false|false\u00a0\u00bb global_colors_info=\u00a0\u00bb{}\u00a0\u00bb][et_pb_row _builder_version=\u00a0\u00bb4.16&Prime; _module_preset=\u00a0\u00bbdefault\u00a0\u00bb global_colors_info=\u00a0\u00bb{}\u00a0\u00bb][et_pb_column type=\u00a0\u00bb4_4&Prime; _builder_version=\u00a0\u00bb4.16&Prime; _module_preset=\u00a0\u00bbdefault\u00a0\u00bb global_colors_info=\u00a0\u00bb{}\u00a0\u00bb][et_pb_text _builder_version=\u00a0\u00bb4.24.2&Prime; _module_preset=\u00a0\u00bbdefault\u00a0\u00bb global_colors_info=\u00a0\u00bb{}\u00a0\u00bb]<\/p>\n<p>La SGDN continue de s\u2019assurer que notre syst\u00e8me int\u00e9gr\u00e9 de gestion soutient notre travail de gestion \u00e0 long terme du combustible nucl\u00e9aire irradi\u00e9, avec comme objectifs de satisfaire aux exigences de la Commission canadienne de s\u00fbret\u00e9 nucl\u00e9aire et de prot\u00e9ger les gens et l\u2019environnement pour les g\u00e9n\u00e9rations \u00e0 venir. Cela est particuli\u00e8rement important maintenant que nous nous rapprochons de l\u2019\u00e9tape de la s\u00e9lection d\u2019un site pour le d\u00e9p\u00f4t g\u00e9ologique en profondeur, qui se fera en 2024, et que nous nous appr\u00eatons \u00e0 entamer subs\u00e9quemment le processus de d\u00e9cision r\u00e9glementaire.<\/p>\n<p>En 2023, nous avons continu\u00e9 \u00e0 renforcer notre syst\u00e8me de gestion pour satisfaire \u00e0 la norme CSA\u00a0N286-12, <em>Exigences relatives au syst\u00e8me de gestion des installations nucl\u00e9aires<\/em>. Nous avons par exemple transform\u00e9 la gouvernance de 20 de nos programmes afin de nous assurer que les exigences r\u00e9glementaires applicables \u00e9taient respect\u00e9es et que notre personnel employait des processus de travail efficients et efficaces. Nous avons \u00e9galement renforc\u00e9 le lien entre notre culture de la s\u00fbret\u00e9 nucl\u00e9aire, notre syst\u00e8me de gestion et notre programme d\u2019apprentissage et d\u2019am\u00e9lioration continus afin d\u2019aider le personnel \u00e0 comprendre l\u2019importance de sa contribution \u00e0 notre culture de la s\u00fbret\u00e9 nucl\u00e9aire. Ces initiatives seront importantes pour soutenir le lancement du processus de d\u00e9cision r\u00e9glementaire qui suivra la s\u00e9lection d\u2019un site.<\/p>\n<p>[\/et_pb_text][\/et_pb_column][\/et_pb_row][\/et_pb_section][et_pb_section fb_built=\u00a0\u00bb1&Prime; admin_label=\u00a0\u00bbs3&Prime; module_id=\u00a0\u00bbsection-4&Prime; module_class=\u00a0\u00bbtoggle-section\u00a0\u00bb _builder_version=\u00a0\u00bb4.19.5&Prime; _module_preset=\u00a0\u00bbdefault\u00a0\u00bb custom_padding=\u00a0\u00bb0px||0px||false|false\u00a0\u00bb global_colors_info=\u00a0\u00bb{}\u00a0\u00bb][et_pb_row _builder_version=\u00a0\u00bb4.16&Prime; _module_preset=\u00a0\u00bbdefault\u00a0\u00bb global_colors_info=\u00a0\u00bb{}\u00a0\u00bb][et_pb_column type=\u00a0\u00bb4_4&Prime; _builder_version=\u00a0\u00bb4.16&Prime; _module_preset=\u00a0\u00bbdefault\u00a0\u00bb global_colors_info=\u00a0\u00bb{}\u00a0\u00bb][et_pb_text module_class=\u00a0\u00bbtoggle-btn\u00a0\u00bb _builder_version=\u00a0\u00bb4.24.2&Prime; _module_preset=\u00a0\u00bbdefault\u00a0\u00bb header_2_font=\u00a0\u00bb|300|||||||\u00a0\u00bb header_3_font=\u00a0\u00bb|300|||||||\u00a0\u00bb global_colors_info=\u00a0\u00bb{}\u00a0\u00bb]<\/p>\n<h2>Conseil d\u2019administration<\/h2>\n<p>[\/et_pb_text][\/et_pb_column][\/et_pb_row][\/et_pb_section][et_pb_section fb_built=\u00a0\u00bb1&Prime; admin_label=\u00a0\u00bbs3 content\u00a0\u00bb module_class=\u00a0\u00bbsection-4 toggle-section  toggle-content image-team-full-width team-module\u00a0\u00bb _builder_version=\u00a0\u00bb4.19.5&Prime; _module_preset=\u00a0\u00bbdefault\u00a0\u00bb custom_padding=\u00a0\u00bb0px||||false|false\u00a0\u00bb global_colors_info=\u00a0\u00bb{}\u00a0\u00bb][et_pb_row _builder_version=\u00a0\u00bb4.16&Prime; _module_preset=\u00a0\u00bbdefault\u00a0\u00bb global_colors_info=\u00a0\u00bb{}\u00a0\u00bb][et_pb_column type=\u00a0\u00bb4_4&Prime; _builder_version=\u00a0\u00bb4.16&Prime; _module_preset=\u00a0\u00bbdefault\u00a0\u00bb global_colors_info=\u00a0\u00bb{}\u00a0\u00bb][et_pb_text _builder_version=\u00a0\u00bb4.24.2&Prime; _module_preset=\u00a0\u00bbdefault\u00a0\u00bb global_colors_info=\u00a0\u00bb{}\u00a0\u00bb]<\/p>\n<p><strong>Pr\u00e9sident du Conseil d\u2019administration\u00a0:<\/strong> Glenn Jager<\/p>\n<p><strong>Pr\u00e9sidente, chef de la direction et administratrice\u00a0:<\/strong> Laurie Swami<\/p>\n<p><strong>Administrateurs\u00a0:<\/strong> Lesley Gallinger, Sean Granville, Ronald L. Jamieson, Jason Nouwens, Jos\u00e9e Pilon, Subo Sinnathamby et Beth Summers.<\/p>\n<p>Le <a href=\"https:\/\/www.nwmo.ca\/fr\/Who-we-are\/How-were-governed\/Board-of-Directors\" target=\"_blank\" rel=\"noopener\">Conseil d\u2019administration<\/a> s\u2019est r\u00e9uni officiellement cinq fois en 2023. Outre ses r\u00e9unions ordinaires, le Conseil d\u2019administration se r\u00e9unit chaque ann\u00e9e pour une s\u00e9ance strat\u00e9gique avec l\u2019\u00e9quipe de direction de la SGDN pour examiner les d\u00e9fis et les possibilit\u00e9s \u00e0 long terme.<\/p>\n<p>[\/et_pb_text][\/et_pb_column][\/et_pb_row][et_pb_row column_structure=\u00a0\u00bb1_5,1_5,1_5,1_5,1_5&Prime; use_custom_gutter=\u00a0\u00bbon\u00a0\u00bb gutter_width=\u00a0\u00bb2&Prime; make_equal=\u00a0\u00bbon\u00a0\u00bb _builder_version=\u00a0\u00bb4.16&Prime; _module_preset=\u00a0\u00bbdefault\u00a0\u00bb custom_padding=\u00a0\u00bb0px||5px||false|false\u00a0\u00bb global_colors_info=\u00a0\u00bb{}\u00a0\u00bb][et_pb_column type=\u00a0\u00bb1_5&Prime; _builder_version=\u00a0\u00bb4.16&Prime; _module_preset=\u00a0\u00bbdefault\u00a0\u00bb global_colors_info=\u00a0\u00bb{}\u00a0\u00bb][et_pb_team_member name=\u00a0\u00bbGlenn Jager\u00a0\u00bb position=\u00a0\u00bbPr\u00e9sident du Conseil d\u2019administration\u00a0\u00bb image_url=\u00a0\u00bbhttps:\/\/annualreport.nwmo.ca\/2023\/wp-content\/uploads\/2024\/01\/GlennJager_023.png\u00a0\u00bb _builder_version=\u00a0\u00bb4.24.2&Prime; _module_preset=\u00a0\u00bbdefault\u00a0\u00bb header_level=\u00a0\u00bbh5&Prime; header_font=\u00a0\u00bbHelveticaNeue-Regular|600|||||||\u00a0\u00bb header_text_color=\u00a0\u00bb#41535d\u00a0\u00bb position_font=\u00a0\u00bb||on||||||\u00a0\u00bb position_text_color=\u00a0\u00bb#41535d\u00a0\u00bb text_orientation=\u00a0\u00bbcenter\u00a0\u00bb custom_css_member_image=\u00a0\u00bbmargin-bottom: 16px;\u00a0\u00bb global_colors_info=\u00a0\u00bb{}\u00a0\u00bb][\/et_pb_team_member][\/et_pb_column][et_pb_column type=\u00a0\u00bb1_5&Prime; _builder_version=\u00a0\u00bb4.16&Prime; _module_preset=\u00a0\u00bbdefault\u00a0\u00bb global_colors_info=\u00a0\u00bb{}\u00a0\u00bb][et_pb_team_member name=\u00a0\u00bbLaurie Swami\u00a0\u00bb position=\u00a0\u00bbPr\u00e9sidente, chef de la direction et administratrice\u00a0\u00bb image_url=\u00a0\u00bbhttps:\/\/annualreport.nwmo.ca\/2023\/wp-content\/uploads\/2024\/03\/LaurieSwami_021-1.png\u00a0\u00bb _builder_version=\u00a0\u00bb4.24.2&Prime; _module_preset=\u00a0\u00bbdefault\u00a0\u00bb header_level=\u00a0\u00bbh5&Prime; header_font=\u00a0\u00bbHelveticaNeue-Regular|600|||||||\u00a0\u00bb header_text_color=\u00a0\u00bb#41535d\u00a0\u00bb position_font=\u00a0\u00bb||on||||||\u00a0\u00bb position_text_color=\u00a0\u00bb#41535d\u00a0\u00bb text_orientation=\u00a0\u00bbcenter\u00a0\u00bb hover_enabled=\u00a0\u00bb0&Prime; custom_css_member_image=\u00a0\u00bbmargin-bottom: 16px;\u00a0\u00bb global_colors_info=\u00a0\u00bb{}\u00a0\u00bb title_text=\u00a0\u00bbLaurieSwami_021&Prime; sticky_enabled=\u00a0\u00bb0&Prime;][\/et_pb_team_member][\/et_pb_column][et_pb_column type=\u00a0\u00bb1_5&Prime; _builder_version=\u00a0\u00bb4.16&Prime; _module_preset=\u00a0\u00bbdefault\u00a0\u00bb global_colors_info=\u00a0\u00bb{}\u00a0\u00bb][et_pb_team_member name=\u00a0\u00bbLesley Gallinger\u00a0\u00bb position=\u00a0\u00bbAdministratrice\u00a0\u00bb image_url=\u00a0\u00bbhttps:\/\/annualreport.nwmo.ca\/2023\/wp-content\/uploads\/2024\/01\/LesleyGallinger_024.png\u00a0\u00bb _builder_version=\u00a0\u00bb4.24.2&Prime; _module_preset=\u00a0\u00bbdefault\u00a0\u00bb header_level=\u00a0\u00bbh5&Prime; header_font=\u00a0\u00bbHelveticaNeue-Regular|600|||||||\u00a0\u00bb header_text_color=\u00a0\u00bb#41535d\u00a0\u00bb position_font=\u00a0\u00bb||on||||||\u00a0\u00bb position_text_color=\u00a0\u00bb#41535d\u00a0\u00bb text_orientation=\u00a0\u00bbcenter\u00a0\u00bb custom_css_member_image=\u00a0\u00bbmargin-bottom: 16px;\u00a0\u00bb global_colors_info=\u00a0\u00bb{}\u00a0\u00bb][\/et_pb_team_member][\/et_pb_column][et_pb_column type=\u00a0\u00bb1_5&Prime; _builder_version=\u00a0\u00bb4.16&Prime; _module_preset=\u00a0\u00bbdefault\u00a0\u00bb global_colors_info=\u00a0\u00bb{}\u00a0\u00bb][et_pb_team_member name=\u00a0\u00bbSean Granville\u00a0\u00bb position=\u00a0\u00bbAdministrateur\u00a0\u00bb image_url=\u00a0\u00bbhttps:\/\/annualreport.nwmo.ca\/2023\/wp-content\/uploads\/2024\/01\/SeanGranville_022.png\u00a0\u00bb _builder_version=\u00a0\u00bb4.24.2&Prime; _module_preset=\u00a0\u00bbdefault\u00a0\u00bb header_level=\u00a0\u00bbh5&Prime; header_font=\u00a0\u00bbHelveticaNeue-Regular|600|||||||\u00a0\u00bb header_text_color=\u00a0\u00bb#41535d\u00a0\u00bb header_line_height=\u00a0\u00bb19px\u00a0\u00bb position_font=\u00a0\u00bb||on||||||\u00a0\u00bb position_text_color=\u00a0\u00bb#41535d\u00a0\u00bb text_orientation=\u00a0\u00bbcenter\u00a0\u00bb custom_css_member_image=\u00a0\u00bbmargin-bottom: 16px;\u00a0\u00bb border_radii_image=\u00a0\u00bboff|||32px|\u00a0\u00bb global_colors_info=\u00a0\u00bb{}\u00a0\u00bb][\/et_pb_team_member][\/et_pb_column][et_pb_column type=\u00a0\u00bb1_5&Prime; _builder_version=\u00a0\u00bb4.16&Prime; _module_preset=\u00a0\u00bbdefault\u00a0\u00bb global_colors_info=\u00a0\u00bb{}\u00a0\u00bb][et_pb_team_member name=\u00a0\u00bbRonald L. Jamieson\u00a0\u00bb position=\u00a0\u00bbAdministrateur\u00a0\u00bb image_url=\u00a0\u00bbhttps:\/\/annualreport.nwmo.ca\/2023\/wp-content\/uploads\/2024\/01\/RonaldJamieson_036.png\u00a0\u00bb _builder_version=\u00a0\u00bb4.24.2&Prime; _module_preset=\u00a0\u00bbdefault\u00a0\u00bb header_level=\u00a0\u00bbh5&Prime; header_font=\u00a0\u00bbHelveticaNeue-Regular|600|||||||\u00a0\u00bb header_text_color=\u00a0\u00bb#41535d\u00a0\u00bb header_line_height=\u00a0\u00bb19px\u00a0\u00bb position_font=\u00a0\u00bb||on||||||\u00a0\u00bb position_text_color=\u00a0\u00bb#41535d\u00a0\u00bb text_orientation=\u00a0\u00bbcenter\u00a0\u00bb custom_css_member_image=\u00a0\u00bbmargin-bottom: 16px;\u00a0\u00bb border_radii_image=\u00a0\u00bboff|||32px|\u00a0\u00bb global_colors_info=\u00a0\u00bb{}\u00a0\u00bb][\/et_pb_team_member][\/et_pb_column][\/et_pb_row][et_pb_row column_structure=\u00a0\u00bb1_5,1_5,1_5,1_5,1_5&Prime; use_custom_gutter=\u00a0\u00bbon\u00a0\u00bb gutter_width=\u00a0\u00bb2&Prime; make_equal=\u00a0\u00bbon\u00a0\u00bb _builder_version=\u00a0\u00bb4.16&Prime; _module_preset=\u00a0\u00bbdefault\u00a0\u00bb custom_padding=\u00a0\u00bb0px||||false|false\u00a0\u00bb global_colors_info=\u00a0\u00bb{}\u00a0\u00bb][et_pb_column type=\u00a0\u00bb1_5&Prime; _builder_version=\u00a0\u00bb4.16&Prime; _module_preset=\u00a0\u00bbdefault\u00a0\u00bb global_colors_info=\u00a0\u00bb{}\u00a0\u00bb][et_pb_team_member name=\u00a0\u00bbJason Nouwens\u00a0\u00bb position=\u00a0\u00bbAdministrateur\u00a0\u00bb image_url=\u00a0\u00bbhttps:\/\/annualreport.nwmo.ca\/2023\/wp-content\/uploads\/2024\/01\/JasonNouwens.png\u00a0\u00bb _builder_version=\u00a0\u00bb4.24.2&Prime; _module_preset=\u00a0\u00bbdefault\u00a0\u00bb header_level=\u00a0\u00bbh5&Prime; header_font=\u00a0\u00bbHelveticaNeue-Regular|600|||||||\u00a0\u00bb header_text_color=\u00a0\u00bb#41535d\u00a0\u00bb header_line_height=\u00a0\u00bb19px\u00a0\u00bb position_font=\u00a0\u00bb||on||||||\u00a0\u00bb position_text_color=\u00a0\u00bb#41535d\u00a0\u00bb text_orientation=\u00a0\u00bbcenter\u00a0\u00bb custom_css_member_image=\u00a0\u00bbmargin-bottom: 16px;\u00a0\u00bb border_radii_image=\u00a0\u00bboff|||32px|\u00a0\u00bb global_colors_info=\u00a0\u00bb{}\u00a0\u00bb][\/et_pb_team_member][\/et_pb_column][et_pb_column type=\u00a0\u00bb1_5&Prime; _builder_version=\u00a0\u00bb4.16&Prime; _module_preset=\u00a0\u00bbdefault\u00a0\u00bb global_colors_info=\u00a0\u00bb{}\u00a0\u00bb][et_pb_team_member name=\u00a0\u00bbJos\u00e9e Pilon\u00a0\u00bb position=\u00a0\u00bbAdministratrice\u00a0\u00bb image_url=\u00a0\u00bbhttps:\/\/annualreport.nwmo.ca\/2023\/wp-content\/uploads\/2024\/02\/JoseePilon-flipped.png\u00a0\u00bb _builder_version=\u00a0\u00bb4.24.2&Prime; _module_preset=\u00a0\u00bbdefault\u00a0\u00bb header_level=\u00a0\u00bbh5&Prime; header_font=\u00a0\u00bbHelveticaNeue-Regular|600|||||||\u00a0\u00bb header_text_color=\u00a0\u00bb#41535d\u00a0\u00bb header_line_height=\u00a0\u00bb19px\u00a0\u00bb position_font=\u00a0\u00bb||on||||||\u00a0\u00bb position_text_color=\u00a0\u00bb#41535d\u00a0\u00bb text_orientation=\u00a0\u00bbcenter\u00a0\u00bb custom_css_member_image=\u00a0\u00bbmargin-bottom: 16px;\u00a0\u00bb border_radii_image=\u00a0\u00bboff|||32px|\u00a0\u00bb global_colors_info=\u00a0\u00bb{}\u00a0\u00bb][\/et_pb_team_member][\/et_pb_column][et_pb_column type=\u00a0\u00bb1_5&Prime; _builder_version=\u00a0\u00bb4.16&Prime; _module_preset=\u00a0\u00bbdefault\u00a0\u00bb global_colors_info=\u00a0\u00bb{}\u00a0\u00bb][et_pb_team_member name=\u00a0\u00bbSubo Sinnathamby\u00a0\u00bb position=\u00a0\u00bbAdministratrice\u00a0\u00bb image_url=\u00a0\u00bbhttps:\/\/annualreport.nwmo.ca\/2023\/wp-content\/uploads\/2024\/01\/SuboSinnathamby_034.png\u00a0\u00bb _builder_version=\u00a0\u00bb4.24.2&Prime; _module_preset=\u00a0\u00bbdefault\u00a0\u00bb header_level=\u00a0\u00bbh5&Prime; header_font=\u00a0\u00bbHelveticaNeue-Regular|600|||||||\u00a0\u00bb header_text_color=\u00a0\u00bb#41535d\u00a0\u00bb header_line_height=\u00a0\u00bb19px\u00a0\u00bb position_font=\u00a0\u00bb||on||||||\u00a0\u00bb position_text_color=\u00a0\u00bb#41535d\u00a0\u00bb text_orientation=\u00a0\u00bbcenter\u00a0\u00bb custom_css_member_image=\u00a0\u00bbmargin-bottom: 16px;\u00a0\u00bb border_radii_image=\u00a0\u00bboff|||32px|\u00a0\u00bb global_colors_info=\u00a0\u00bb{}\u00a0\u00bb][\/et_pb_team_member][\/et_pb_column][et_pb_column type=\u00a0\u00bb1_5&Prime; _builder_version=\u00a0\u00bb4.16&Prime; _module_preset=\u00a0\u00bbdefault\u00a0\u00bb global_colors_info=\u00a0\u00bb{}\u00a0\u00bb][et_pb_team_member name=\u00a0\u00bbBeth Summers\u00a0\u00bb position=\u00a0\u00bbAdministratrice\u00a0\u00bb image_url=\u00a0\u00bbhttps:\/\/annualreport.nwmo.ca\/2023\/wp-content\/uploads\/2024\/01\/BethSummers_023.png\u00a0\u00bb _builder_version=\u00a0\u00bb4.24.2&Prime; _module_preset=\u00a0\u00bbdefault\u00a0\u00bb header_level=\u00a0\u00bbh5&Prime; header_font=\u00a0\u00bbHelveticaNeue-Regular|600|||||||\u00a0\u00bb header_text_color=\u00a0\u00bb#41535d\u00a0\u00bb header_line_height=\u00a0\u00bb19px\u00a0\u00bb position_font=\u00a0\u00bb||on||||||\u00a0\u00bb position_text_color=\u00a0\u00bb#41535d\u00a0\u00bb text_orientation=\u00a0\u00bbcenter\u00a0\u00bb custom_css_member_image=\u00a0\u00bbmargin-bottom: 16px;\u00a0\u00bb border_radii_image=\u00a0\u00bboff|||32px|\u00a0\u00bb global_colors_info=\u00a0\u00bb{}\u00a0\u00bb][\/et_pb_team_member][\/et_pb_column][et_pb_column type=\u00a0\u00bb1_5&Prime; admin_label=\u00a0\u00bbColumn\u00a0\u00bb _builder_version=\u00a0\u00bb4.16&Prime; _module_preset=\u00a0\u00bbdefault\u00a0\u00bb global_colors_info=\u00a0\u00bb{}\u00a0\u00bb][\/et_pb_column][\/et_pb_row][\/et_pb_section][et_pb_section fb_built=\u00a0\u00bb1&Prime; admin_label=\u00a0\u00bbs4&Prime; module_id=\u00a0\u00bbsection-5&Prime; module_class=\u00a0\u00bbtoggle-section\u00a0\u00bb _builder_version=\u00a0\u00bb4.19.5&Prime; _module_preset=\u00a0\u00bbdefault\u00a0\u00bb custom_padding=\u00a0\u00bb0px||0px||false|false\u00a0\u00bb global_colors_info=\u00a0\u00bb{}\u00a0\u00bb][et_pb_row _builder_version=\u00a0\u00bb4.16&Prime; _module_preset=\u00a0\u00bbdefault\u00a0\u00bb global_colors_info=\u00a0\u00bb{}\u00a0\u00bb][et_pb_column type=\u00a0\u00bb4_4&Prime; _builder_version=\u00a0\u00bb4.16&Prime; _module_preset=\u00a0\u00bbdefault\u00a0\u00bb global_colors_info=\u00a0\u00bb{}\u00a0\u00bb][et_pb_text module_class=\u00a0\u00bbtoggle-btn\u00a0\u00bb _builder_version=\u00a0\u00bb4.24.2&Prime; _module_preset=\u00a0\u00bbdefault\u00a0\u00bb header_2_font=\u00a0\u00bb|300|||||||\u00a0\u00bb header_3_font=\u00a0\u00bb|300|||||||\u00a0\u00bb global_colors_info=\u00a0\u00bb{}\u00a0\u00bb]<\/p>\n<h2>\u00a0Comit\u00e9s du Conseil d\u2019administration<\/h2>\n<p>[\/et_pb_text][\/et_pb_column][\/et_pb_row][\/et_pb_section][et_pb_section fb_built=\u00a0\u00bb1&Prime; admin_label=\u00a0\u00bbs4 content\u00a0\u00bb module_class=\u00a0\u00bbsection-5 toggle-section  toggle-content \u00a0\u00bb _builder_version=\u00a0\u00bb4.19.5&Prime; _module_preset=\u00a0\u00bbdefault\u00a0\u00bb custom_padding=\u00a0\u00bb0px||||false|false\u00a0\u00bb global_colors_info=\u00a0\u00bb{}\u00a0\u00bb][et_pb_row _builder_version=\u00a0\u00bb4.16&Prime; _module_preset=\u00a0\u00bbdefault\u00a0\u00bb global_colors_info=\u00a0\u00bb{}\u00a0\u00bb][et_pb_column type=\u00a0\u00bb4_4&Prime; _builder_version=\u00a0\u00bb4.16&Prime; _module_preset=\u00a0\u00bbdefault\u00a0\u00bb global_colors_info=\u00a0\u00bb{}\u00a0\u00bb][et_pb_text module_class=\u00a0\u00bbcommittees-of-the-board-1&Prime; _builder_version=\u00a0\u00bb4.24.2&Prime; _module_preset=\u00a0\u00bbdefault\u00a0\u00bb text_font=\u00a0\u00bb|600|||||||\u00a0\u00bb text_text_color=\u00a0\u00bb#FFFFFF\u00a0\u00bb background_color=\u00a0\u00bb#004f87&Prime; overflow-x=\u00a0\u00bbvisible\u00a0\u00bb overflow-y=\u00a0\u00bbvisible\u00a0\u00bb custom_margin=\u00a0\u00bb|||46px|false|false\u00a0\u00bb custom_padding=\u00a0\u00bb10px|10px|10px|10px|true|true\u00a0\u00bb border_radii=\u00a0\u00bboff||24px||\u00a0\u00bb global_colors_info=\u00a0\u00bb{}\u00a0\u00bb]<\/p>\n<p>Comit\u00e9 de la v\u00e9rification, des finances et des risques (VFR)<\/p>\n<p>[\/et_pb_text][et_pb_text _builder_version=\u00a0\u00bb4.24.2&Prime; _module_preset=\u00a0\u00bbdefault\u00a0\u00bb custom_margin=\u00a0\u00bb|||46px|false|false\u00a0\u00bb custom_margin_tablet=\u00a0\u00bb|||0px|false|false\u00a0\u00bb custom_margin_phone=\u00a0\u00bb|||0px|false|false\u00a0\u00bb custom_margin_last_edited=\u00a0\u00bbon|tablet\u00a0\u00bb global_colors_info=\u00a0\u00bb{}\u00a0\u00bb]<\/p>\n<p>Le Comit\u00e9 VFR est charg\u00e9 de surveiller l\u2019int\u00e9grit\u00e9 des syst\u00e8mes internes de contr\u00f4le et de gestion de l\u2019information de la SGDN, de fournir des recommandations au Conseil d\u2019administration concernant l\u2019approbation des plans financiers annuels, d\u2019assurer l\u2019int\u00e9grit\u00e9 de la performance financi\u00e8re d\u00e9clar\u00e9e par la SGDN et de surveiller l\u2019\u00e9tat du fonds de retraite de la SGDN. En 2023, le Comit\u00e9 VFR s\u2019est r\u00e9uni quatre fois seul et une fois avec le Comit\u00e9 des ressources humaines, de la r\u00e9mun\u00e9ration et de la gouvernance.<\/p>\n<p>Au 31\u00a0d\u00e9cembre 2023, ce comit\u00e9 comptait cinq administrateurs\u00a0: Beth Summers (pr\u00e9sidente), Lesley Gallinger, Glenn Jager, Ronald L. Jamieson et Jos\u00e9e Pilon.<\/p>\n<p>[\/et_pb_text][\/et_pb_column][\/et_pb_row][et_pb_row _builder_version=\u00a0\u00bb4.16&Prime; _module_preset=\u00a0\u00bbdefault\u00a0\u00bb custom_padding=\u00a0\u00bb0px||||false|false\u00a0\u00bb global_colors_info=\u00a0\u00bb{}\u00a0\u00bb][et_pb_column type=\u00a0\u00bb4_4&Prime; _builder_version=\u00a0\u00bb4.16&Prime; _module_preset=\u00a0\u00bbdefault\u00a0\u00bb global_colors_info=\u00a0\u00bb{}\u00a0\u00bb][et_pb_text module_class=\u00a0\u00bbcommittees-of-the-board-2&Prime; _builder_version=\u00a0\u00bb4.24.2&Prime; _module_preset=\u00a0\u00bbdefault\u00a0\u00bb text_font=\u00a0\u00bb|600|||||||\u00a0\u00bb text_text_color=\u00a0\u00bb#FFFFFF\u00a0\u00bb background_color=\u00a0\u00bb#007CC3&Prime; overflow-x=\u00a0\u00bbvisible\u00a0\u00bb overflow-y=\u00a0\u00bbvisible\u00a0\u00bb custom_margin=\u00a0\u00bb|||46px|false|false\u00a0\u00bb custom_padding=\u00a0\u00bb10px|10px|10px|10px|true|true\u00a0\u00bb border_radii=\u00a0\u00bboff||24px||\u00a0\u00bb global_colors_info=\u00a0\u00bb{}\u00a0\u00bb]<\/p>\n<p>Comit\u00e9 des ressources humaines, de la r\u00e9mun\u00e9ration et de la gouvernance (RHRG)<\/p>\n<p>[\/et_pb_text][et_pb_text _builder_version=\u00a0\u00bb4.24.2&Prime; _module_preset=\u00a0\u00bbdefault\u00a0\u00bb custom_margin=\u00a0\u00bb|||46px|false|false\u00a0\u00bb custom_margin_tablet=\u00a0\u00bb|||0px|false|false\u00a0\u00bb custom_margin_phone=\u00a0\u00bb|||0px|false|false\u00a0\u00bb custom_margin_last_edited=\u00a0\u00bbon|tablet\u00a0\u00bb global_colors_info=\u00a0\u00bb{}\u00a0\u00bb]<\/p>\n<p>Le Comit\u00e9 RHRG est charg\u00e9 de surveiller les fonctions de la SGDN li\u00e9es aux ressources humaines, dont les pratiques de r\u00e9mun\u00e9ration, les politiques de gestion de ressources humaines, la structure organisationnelle, les relations de travail, le r\u00e9gime de retraite et la gouvernance. En 2023, le Comit\u00e9 RHRG s\u2019est r\u00e9uni quatre fois seul et une fois avec le Comit\u00e9 VFR.<\/p>\n<p>Au 31 d\u00e9cembre 2023, ce comit\u00e9 comptait cinq administrateurs : Lesley Gallinger (pr\u00e9sidente), Sean Granville, Glenn Jager, Jos\u00e9e Pilon et Beth Summers.<\/p>\n<p>[\/et_pb_text][\/et_pb_column][\/et_pb_row][et_pb_row _builder_version=\u00a0\u00bb4.16&Prime; _module_preset=\u00a0\u00bbdefault\u00a0\u00bb custom_padding=\u00a0\u00bb0px||||false|false\u00a0\u00bb global_colors_info=\u00a0\u00bb{}\u00a0\u00bb][et_pb_column type=\u00a0\u00bb4_4&Prime; _builder_version=\u00a0\u00bb4.16&Prime; _module_preset=\u00a0\u00bbdefault\u00a0\u00bb global_colors_info=\u00a0\u00bb{}\u00a0\u00bb][et_pb_text module_class=\u00a0\u00bbcommittees-of-the-board-4&Prime; _builder_version=\u00a0\u00bb4.24.2&Prime; _module_preset=\u00a0\u00bbdefault\u00a0\u00bb text_font=\u00a0\u00bb|600|||||||\u00a0\u00bb text_text_color=\u00a0\u00bb#FFFFFF\u00a0\u00bb background_color=\u00a0\u00bb#00709e\u00a0\u00bb overflow-x=\u00a0\u00bbvisible\u00a0\u00bb overflow-y=\u00a0\u00bbvisible\u00a0\u00bb custom_margin=\u00a0\u00bb|||46px|false|false\u00a0\u00bb custom_padding=\u00a0\u00bb10px|10px|10px|10px|true|true\u00a0\u00bb border_radii=\u00a0\u00bboff||24px||\u00a0\u00bb global_colors_info=\u00a0\u00bb{}\u00a0\u00bb]<\/p>\n<p>Comit\u00e9 de surveillance du projet<\/p>\n<p>[\/et_pb_text][et_pb_text _builder_version=\u00a0\u00bb4.24.2&Prime; _module_preset=\u00a0\u00bbdefault\u00a0\u00bb custom_margin=\u00a0\u00bb|||46px|false|false\u00a0\u00bb custom_margin_tablet=\u00a0\u00bb|||0px|false|false\u00a0\u00bb custom_margin_phone=\u00a0\u00bb|||0px|false|false\u00a0\u00bb custom_margin_last_edited=\u00a0\u00bbon|tablet\u00a0\u00bb global_colors_info=\u00a0\u00bb{}\u00a0\u00bb]<\/p>\n<p>Le Comit\u00e9 de surveillance du projet assure une surveillance de la planification et de la r\u00e9alisation du projet de la SGDN, notamment sur les questions comme la s\u00fbret\u00e9, la soumission de nouveaux projets \u00e0 l\u2019approbation du Conseil d\u2019administration, la planification et le contr\u00f4le du projet, les strat\u00e9gies contractuelles et le rendement des sous-traitants, les questions techniques ainsi que les risques du projet li\u00e9s \u00e0 la mise en oeuvre du plan canadien. Le Comit\u00e9 de surveillance du projet s\u2019est r\u00e9uni quatre\u00a0fois en 2023.<\/p>\n<p>Au 31\u00a0d\u00e9cembre 2023, ce comit\u00e9 comptait quatre administrateurs\u00a0: Sean Granville (pr\u00e9sident), Lesley Gallinger, Jason Nouwens et Subo Sinnathamby.<\/p>\n<p>[\/et_pb_text][\/et_pb_column][\/et_pb_row][et_pb_row _builder_version=\u00a0\u00bb4.16&Prime; _module_preset=\u00a0\u00bbdefault\u00a0\u00bb custom_padding=\u00a0\u00bb0px||||false|false\u00a0\u00bb global_colors_info=\u00a0\u00bb{}\u00a0\u00bb][et_pb_column type=\u00a0\u00bb4_4&Prime; _builder_version=\u00a0\u00bb4.16&Prime; _module_preset=\u00a0\u00bbdefault\u00a0\u00bb global_colors_info=\u00a0\u00bb{}\u00a0\u00bb][et_pb_text module_class=\u00a0\u00bbcommittees-of-the-board-3&Prime; _builder_version=\u00a0\u00bb4.24.2&Prime; _module_preset=\u00a0\u00bbdefault\u00a0\u00bb text_font=\u00a0\u00bb|600|||||||\u00a0\u00bb text_text_color=\u00a0\u00bb#FFFFFF\u00a0\u00bb background_color=\u00a0\u00bb#1794b8&Prime; overflow-x=\u00a0\u00bbvisible\u00a0\u00bb overflow-y=\u00a0\u00bbvisible\u00a0\u00bb custom_margin=\u00a0\u00bb|||46px|false|false\u00a0\u00bb custom_padding=\u00a0\u00bb10px|10px|10px|10px|true|true\u00a0\u00bb border_radii=\u00a0\u00bboff||24px||\u00a0\u00bb global_colors_info=\u00a0\u00bb{}\u00a0\u00bb]<\/p>\n<p>Comit\u00e9 sur la s\u00e9lection d\u2019un site<\/p>\n<p>[\/et_pb_text][et_pb_text _builder_version=\u00a0\u00bb4.24.2&Prime; _module_preset=\u00a0\u00bbdefault\u00a0\u00bb custom_margin=\u00a0\u00bb|||46px|false|false\u00a0\u00bb custom_margin_tablet=\u00a0\u00bb|||0px|false|false\u00a0\u00bb custom_margin_phone=\u00a0\u00bb|||0px|false|false\u00a0\u00bb custom_margin_last_edited=\u00a0\u00bbon|tablet\u00a0\u00bb global_colors_info=\u00a0\u00bb{}\u00a0\u00bb]<\/p>\n<p>Par l\u2019interm\u00e9diaire du Comit\u00e9 sur la s\u00e9lection d\u2019un site, le Conseil d\u2019administration exerce une surveillance du processus de s\u00e9lection d\u2019un site, g\u00e8re et surveille les risques \u00e9ventuellement pos\u00e9s par sa mise en oeuvre et fournit des conseils \u00e0 leur \u00e9gard. Ce comit\u00e9 s\u2019est r\u00e9uni quatre\u00a0fois en 2023.<\/p>\n<p>Au 31\u00a0d\u00e9cembre 2023, ce comit\u00e9 comptait cinq administrateurs\u00a0: Ronald L. Jamieson (pr\u00e9sident), Sean Granville, Glenn Jager, Jason Nouwens et Subo Sinnathamby.<\/p>\n<p>[\/et_pb_text][\/et_pb_column][\/et_pb_row][\/et_pb_section][et_pb_section fb_built=\u00a0\u00bb1&Prime; admin_label=\u00a0\u00bbs5&Prime; module_id=\u00a0\u00bbsection-6&Prime; module_class=\u00a0\u00bbtoggle-section\u00a0\u00bb _builder_version=\u00a0\u00bb4.19.5&Prime; _module_preset=\u00a0\u00bbdefault\u00a0\u00bb custom_padding=\u00a0\u00bb0px||0px||false|false\u00a0\u00bb global_colors_info=\u00a0\u00bb{}\u00a0\u00bb][et_pb_row _builder_version=\u00a0\u00bb4.16&Prime; _module_preset=\u00a0\u00bbdefault\u00a0\u00bb global_colors_info=\u00a0\u00bb{}\u00a0\u00bb][et_pb_column type=\u00a0\u00bb4_4&Prime; _builder_version=\u00a0\u00bb4.16&Prime; _module_preset=\u00a0\u00bbdefault\u00a0\u00bb global_colors_info=\u00a0\u00bb{}\u00a0\u00bb][et_pb_text module_class=\u00a0\u00bbtoggle-btn\u00a0\u00bb _builder_version=\u00a0\u00bb4.24.2&Prime; _module_preset=\u00a0\u00bbdefault\u00a0\u00bb header_2_font=\u00a0\u00bb|300|||||||\u00a0\u00bb header_3_font=\u00a0\u00bb|300|||||||\u00a0\u00bb global_colors_info=\u00a0\u00bb{}\u00a0\u00bb]<\/p>\n<h2>Dirigeants (au 31 d\u00e9cembre 2023)<\/h2>\n<p>[\/et_pb_text][\/et_pb_column][\/et_pb_row][\/et_pb_section][et_pb_section fb_built=\u00a0\u00bb1&Prime; admin_label=\u00a0\u00bbs5 content\u00a0\u00bb module_class=\u00a0\u00bbsection-6 toggle-section  toggle-content image-team-full-width  team-module\u00a0\u00bb _builder_version=\u00a0\u00bb4.19.5&Prime; _module_preset=\u00a0\u00bbdefault\u00a0\u00bb custom_padding=\u00a0\u00bb0px||||false|false\u00a0\u00bb global_colors_info=\u00a0\u00bb{}\u00a0\u00bb][et_pb_row _builder_version=\u00a0\u00bb4.16&Prime; _module_preset=\u00a0\u00bbdefault\u00a0\u00bb global_colors_info=\u00a0\u00bb{}\u00a0\u00bb][et_pb_column type=\u00a0\u00bb4_4&Prime; _builder_version=\u00a0\u00bb4.16&Prime; _module_preset=\u00a0\u00bbdefault\u00a0\u00bb global_colors_info=\u00a0\u00bb{}\u00a0\u00bb][et_pb_text _builder_version=\u00a0\u00bb4.24.2&Prime; _module_preset=\u00a0\u00bbdefault\u00a0\u00bb global_colors_info=\u00a0\u00bb{}\u00a0\u00bb]<\/p>\n<p><strong>Pr\u00e9sident du Conseil d\u2019administration\u00a0<\/strong><strong>:<\/strong><br \/>Glenn Jager<\/p>\n<p><strong>Pr\u00e9sidente et chef de la direction\u00a0<\/strong><strong>:<\/strong><br \/>Laurie Swami<\/p>\n<p><strong>Vice-pr\u00e9sident et ing\u00e9nieur en chef\u00a0<\/strong><strong>:<\/strong><br \/>Chris Boyle<\/p>\n<p><strong>Vice-pr\u00e9sidente, communications\u00a0<\/strong><strong>:<\/strong><br \/>Lisa Frizzell<\/p>\n<p><strong>Vice-pr\u00e9sidente, s\u00e9lection d\u2019un site\u00a0<\/strong><strong>:<\/strong><br \/>Lise Morton<\/p>\n<p><strong>Chef de la direction financi\u00e8re et de la gestion des risques\u00a0<\/strong><strong>:<\/strong><br \/>Jeff Quick<\/p>\n<p><strong>Vice-pr\u00e9sidente, ressources humaines, et responsable en chef de l\u2019\u00e9thique\u00a0<\/strong><strong>:<br \/><\/strong>Jennifer Spragge<\/p>\n<p><strong>Vice-pr\u00e9sident et avocat g\u00e9n\u00e9ral, et secr\u00e9taire du <\/strong><strong>Conseil d\u2019administration\u00a0<\/strong><strong>:<\/strong><br \/>Doug Taylor<\/p>\n<p><strong>Vice-pr\u00e9sident, relations avec les Autochtones et programmes strat\u00e9giques\u00a0<\/strong><strong>:<br \/><\/strong>Bob Watts<\/p>\n<p><strong>Vice-pr\u00e9sident, approbations r\u00e9glementaires\u00a0<\/strong><strong>:<br \/><\/strong>Allan Webster<\/p>\n<p><strong>Chef des op\u00e9rations\u00a0<\/strong><strong>:<\/strong><br \/>Derek Wilson<\/p>\n<p><strong>Comit\u00e9 ex\u00e9cutif :<\/strong><\/p>\n<p>[\/et_pb_text][\/et_pb_column][\/et_pb_row][et_pb_row column_structure=\u00a0\u00bb1_5,1_5,1_5,1_5,1_5&Prime; use_custom_gutter=\u00a0\u00bbon\u00a0\u00bb gutter_width=\u00a0\u00bb2&Prime; make_equal=\u00a0\u00bbon\u00a0\u00bb _builder_version=\u00a0\u00bb4.16&Prime; _module_preset=\u00a0\u00bbdefault\u00a0\u00bb custom_padding=\u00a0\u00bb0px||5px||false|false\u00a0\u00bb global_colors_info=\u00a0\u00bb{}\u00a0\u00bb][et_pb_column type=\u00a0\u00bb1_5&Prime; _builder_version=\u00a0\u00bb4.16&Prime; _module_preset=\u00a0\u00bbdefault\u00a0\u00bb global_colors_info=\u00a0\u00bb{}\u00a0\u00bb][et_pb_team_member name=\u00a0\u00bbLaurie Swami\u00a0\u00bb position=\u00a0\u00bbPr\u00e9sidente et chef de la direction\u00a0\u00bb image_url=\u00a0\u00bbhttps:\/\/annualreport.nwmo.ca\/2023\/wp-content\/uploads\/2024\/03\/LaurieSwami_021-1.png\u00a0\u00bb _builder_version=\u00a0\u00bb4.24.2&Prime; _module_preset=\u00a0\u00bbdefault\u00a0\u00bb header_level=\u00a0\u00bbh5&Prime; header_font=\u00a0\u00bbHelveticaNeue-Regular|600|||||||\u00a0\u00bb header_text_color=\u00a0\u00bb#41535d\u00a0\u00bb header_line_height=\u00a0\u00bb19px\u00a0\u00bb position_font=\u00a0\u00bb||on||||||\u00a0\u00bb position_text_color=\u00a0\u00bb#41535d\u00a0\u00bb text_orientation=\u00a0\u00bbcenter\u00a0\u00bb hover_enabled=\u00a0\u00bb0&Prime; custom_css_member_image=\u00a0\u00bbmargin-bottom: 16px;\u00a0\u00bb border_radii_image=\u00a0\u00bboff|||32px|\u00a0\u00bb global_colors_info=\u00a0\u00bb{}\u00a0\u00bb title_text=\u00a0\u00bbLaurieSwami_021&Prime; sticky_enabled=\u00a0\u00bb0&Prime;][\/et_pb_team_member][\/et_pb_column][et_pb_column type=\u00a0\u00bb1_5&Prime; _builder_version=\u00a0\u00bb4.16&Prime; _module_preset=\u00a0\u00bbdefault\u00a0\u00bb global_colors_info=\u00a0\u00bb{}\u00a0\u00bb][et_pb_team_member name=\u00a0\u00bbChris Boyle\u00a0\u00bb position=\u00a0\u00bbVice-pr\u00e9sident et ing\u00e9nieur en chef\u00a0\u00bb image_url=\u00a0\u00bbhttps:\/\/annualreport.nwmo.ca\/2023\/wp-content\/uploads\/2024\/01\/ChrisBoyle_040.png\u00a0\u00bb _builder_version=\u00a0\u00bb4.24.2&Prime; _module_preset=\u00a0\u00bbdefault\u00a0\u00bb header_level=\u00a0\u00bbh5&Prime; header_font=\u00a0\u00bbHelveticaNeue-Regular|600|||||||\u00a0\u00bb header_text_color=\u00a0\u00bb#41535d\u00a0\u00bb header_line_height=\u00a0\u00bb19px\u00a0\u00bb position_font=\u00a0\u00bb||on||||||\u00a0\u00bb position_text_color=\u00a0\u00bb#41535d\u00a0\u00bb text_orientation=\u00a0\u00bbcenter\u00a0\u00bb custom_css_member_image=\u00a0\u00bbmargin-bottom: 16px;\u00a0\u00bb border_radii_image=\u00a0\u00bboff|||32px|\u00a0\u00bb global_colors_info=\u00a0\u00bb{}\u00a0\u00bb][\/et_pb_team_member][\/et_pb_column][et_pb_column type=\u00a0\u00bb1_5&Prime; _builder_version=\u00a0\u00bb4.16&Prime; _module_preset=\u00a0\u00bbdefault\u00a0\u00bb global_colors_info=\u00a0\u00bb{}\u00a0\u00bb][et_pb_team_member name=\u00a0\u00bbLisa Frizzell\u00a0\u00bb position=\u00a0\u00bbVice-pr\u00e9sidente, communications\u00a0\u00bb image_url=\u00a0\u00bbhttps:\/\/annualreport.nwmo.ca\/2023\/wp-content\/uploads\/2024\/01\/LisaFrizzell_034.png\u00a0\u00bb _builder_version=\u00a0\u00bb4.24.2&Prime; _module_preset=\u00a0\u00bbdefault\u00a0\u00bb header_level=\u00a0\u00bbh5&Prime; header_font=\u00a0\u00bbHelveticaNeue-Regular|600|||||||\u00a0\u00bb header_text_color=\u00a0\u00bb#41535d\u00a0\u00bb header_line_height=\u00a0\u00bb19px\u00a0\u00bb position_font=\u00a0\u00bb||on||||||\u00a0\u00bb position_text_color=\u00a0\u00bb#41535d\u00a0\u00bb text_orientation=\u00a0\u00bbcenter\u00a0\u00bb custom_css_member_image=\u00a0\u00bbmargin-bottom: 16px;\u00a0\u00bb border_radii_image=\u00a0\u00bboff|||32px|\u00a0\u00bb global_colors_info=\u00a0\u00bb{}\u00a0\u00bb][\/et_pb_team_member][\/et_pb_column][et_pb_column type=\u00a0\u00bb1_5&Prime; _builder_version=\u00a0\u00bb4.16&Prime; _module_preset=\u00a0\u00bbdefault\u00a0\u00bb global_colors_info=\u00a0\u00bb{}\u00a0\u00bb][et_pb_team_member name=\u00a0\u00bbLise Morton\u00a0\u00bb position=\u00a0\u00bbVice-pr\u00e9sidente, s\u00e9lection d\u2019un site\u00a0\u00bb image_url=\u00a0\u00bbhttps:\/\/annualreport.nwmo.ca\/2023\/wp-content\/uploads\/2024\/01\/LiseMorton_8284.png\u00a0\u00bb _builder_version=\u00a0\u00bb4.24.2&Prime; _module_preset=\u00a0\u00bbdefault\u00a0\u00bb header_level=\u00a0\u00bbh5&Prime; header_font=\u00a0\u00bbHelveticaNeue-Regular|600|||||||\u00a0\u00bb header_text_color=\u00a0\u00bb#41535d\u00a0\u00bb header_line_height=\u00a0\u00bb19px\u00a0\u00bb position_font=\u00a0\u00bb||on||||||\u00a0\u00bb position_text_color=\u00a0\u00bb#41535d\u00a0\u00bb text_orientation=\u00a0\u00bbcenter\u00a0\u00bb custom_css_member_image=\u00a0\u00bbmargin-bottom: 16px;\u00a0\u00bb border_radii_image=\u00a0\u00bboff|||32px|\u00a0\u00bb global_colors_info=\u00a0\u00bb{}\u00a0\u00bb][\/et_pb_team_member][\/et_pb_column][et_pb_column type=\u00a0\u00bb1_5&Prime; _builder_version=\u00a0\u00bb4.16&Prime; _module_preset=\u00a0\u00bbdefault\u00a0\u00bb global_colors_info=\u00a0\u00bb{}\u00a0\u00bb][et_pb_team_member name=\u00a0\u00bbJeff Quick\u00a0\u00bb position=\u00a0\u00bbChef de la direction financi\u00e8re et de la gestion des risques\u00a0\u00bb image_url=\u00a0\u00bbhttps:\/\/annualreport.nwmo.ca\/2023\/wp-content\/uploads\/2024\/01\/JeffQuick_046.png\u00a0\u00bb _builder_version=\u00a0\u00bb4.24.2&Prime; _module_preset=\u00a0\u00bbdefault\u00a0\u00bb header_level=\u00a0\u00bbh5&Prime; header_font=\u00a0\u00bbHelveticaNeue-Regular|600|||||||\u00a0\u00bb header_text_color=\u00a0\u00bb#41535d\u00a0\u00bb header_line_height=\u00a0\u00bb19px\u00a0\u00bb position_font=\u00a0\u00bb||on||||||\u00a0\u00bb position_text_color=\u00a0\u00bb#41535d\u00a0\u00bb text_orientation=\u00a0\u00bbcenter\u00a0\u00bb custom_css_member_image=\u00a0\u00bbmargin-bottom: 16px;\u00a0\u00bb border_radii_image=\u00a0\u00bboff|||32px|\u00a0\u00bb global_colors_info=\u00a0\u00bb{}\u00a0\u00bb][\/et_pb_team_member][\/et_pb_column][\/et_pb_row][et_pb_row column_structure=\u00a0\u00bb1_5,1_5,1_5,1_5,1_5&Prime; use_custom_gutter=\u00a0\u00bbon\u00a0\u00bb gutter_width=\u00a0\u00bb2&Prime; make_equal=\u00a0\u00bbon\u00a0\u00bb _builder_version=\u00a0\u00bb4.16&Prime; _module_preset=\u00a0\u00bbdefault\u00a0\u00bb custom_padding=\u00a0\u00bb0px||5px||false|false\u00a0\u00bb global_colors_info=\u00a0\u00bb{}\u00a0\u00bb][et_pb_column type=\u00a0\u00bb1_5&Prime; _builder_version=\u00a0\u00bb4.16&Prime; _module_preset=\u00a0\u00bbdefault\u00a0\u00bb global_colors_info=\u00a0\u00bb{}\u00a0\u00bb][et_pb_team_member name=\u00a0\u00bbJennifer Spragge\u00a0\u00bb position=\u00a0\u00bbVice-pr\u00e9sidente, ressources humaines, et responsable en chef de l\u2019\u00e9thique\u00a0\u00bb image_url=\u00a0\u00bbhttps:\/\/annualreport.nwmo.ca\/2023\/wp-content\/uploads\/2024\/01\/JenniferSpragge_039.png\u00a0\u00bb _builder_version=\u00a0\u00bb4.24.2&Prime; _module_preset=\u00a0\u00bbdefault\u00a0\u00bb header_level=\u00a0\u00bbh5&Prime; header_font=\u00a0\u00bbHelveticaNeue-Regular|600|||||||\u00a0\u00bb header_text_color=\u00a0\u00bb#41535d\u00a0\u00bb header_line_height=\u00a0\u00bb19px\u00a0\u00bb position_font=\u00a0\u00bb||on||||||\u00a0\u00bb position_text_color=\u00a0\u00bb#41535d\u00a0\u00bb text_orientation=\u00a0\u00bbcenter\u00a0\u00bb custom_css_member_image=\u00a0\u00bbmargin-bottom: 16px;\u00a0\u00bb border_radii_image=\u00a0\u00bboff|||32px|\u00a0\u00bb global_colors_info=\u00a0\u00bb{}\u00a0\u00bb][\/et_pb_team_member][\/et_pb_column][et_pb_column type=\u00a0\u00bb1_5&Prime; _builder_version=\u00a0\u00bb4.16&Prime; _module_preset=\u00a0\u00bbdefault\u00a0\u00bb global_colors_info=\u00a0\u00bb{}\u00a0\u00bb][et_pb_team_member name=\u00a0\u00bbDoug Taylor\u00a0\u00bb position=\u00a0\u00bbVice-pr\u00e9sident et avocat g\u00e9n\u00e9ral, et secr\u00e9taire du Conseil d\u2019administration\u00a0\u00bb image_url=\u00a0\u00bbhttps:\/\/annualreport.nwmo.ca\/2023\/wp-content\/uploads\/2024\/01\/DougTaylor_030.png\u00a0\u00bb _builder_version=\u00a0\u00bb4.24.2&Prime; _module_preset=\u00a0\u00bbdefault\u00a0\u00bb header_level=\u00a0\u00bbh5&Prime; header_font=\u00a0\u00bbHelveticaNeue-Regular|600|||||||\u00a0\u00bb header_text_color=\u00a0\u00bb#41535d\u00a0\u00bb header_line_height=\u00a0\u00bb19px\u00a0\u00bb position_font=\u00a0\u00bb||on||||||\u00a0\u00bb position_text_color=\u00a0\u00bb#41535d\u00a0\u00bb text_orientation=\u00a0\u00bbcenter\u00a0\u00bb custom_css_member_image=\u00a0\u00bbmargin-bottom: 16px;\u00a0\u00bb border_radii_image=\u00a0\u00bboff|||32px|\u00a0\u00bb global_colors_info=\u00a0\u00bb{}\u00a0\u00bb][\/et_pb_team_member][\/et_pb_column][et_pb_column type=\u00a0\u00bb1_5&Prime; _builder_version=\u00a0\u00bb4.16&Prime; _module_preset=\u00a0\u00bbdefault\u00a0\u00bb global_colors_info=\u00a0\u00bb{}\u00a0\u00bb][et_pb_team_member name=\u00a0\u00bbBob Watts\u00a0\u00bb position=\u00a0\u00bbVice-pr\u00e9sident, relations avec les Autochtones et programmes strat\u00e9giques\u00a0\u00bb image_url=\u00a0\u00bbhttps:\/\/annualreport.nwmo.ca\/2023\/wp-content\/uploads\/2024\/01\/BobWatts_036.png\u00a0\u00bb _builder_version=\u00a0\u00bb4.24.2&Prime; _module_preset=\u00a0\u00bbdefault\u00a0\u00bb header_level=\u00a0\u00bbh5&Prime; header_font=\u00a0\u00bbHelveticaNeue-Regular|600|||||||\u00a0\u00bb header_text_color=\u00a0\u00bb#41535d\u00a0\u00bb header_line_height=\u00a0\u00bb19px\u00a0\u00bb position_font=\u00a0\u00bb||on||||||\u00a0\u00bb position_text_color=\u00a0\u00bb#41535d\u00a0\u00bb text_orientation=\u00a0\u00bbcenter\u00a0\u00bb custom_css_member_image=\u00a0\u00bbmargin-bottom: 16px;\u00a0\u00bb border_radii_image=\u00a0\u00bboff|||32px|\u00a0\u00bb global_colors_info=\u00a0\u00bb{}\u00a0\u00bb][\/et_pb_team_member][\/et_pb_column][et_pb_column type=\u00a0\u00bb1_5&Prime; _builder_version=\u00a0\u00bb4.16&Prime; _module_preset=\u00a0\u00bbdefault\u00a0\u00bb global_colors_info=\u00a0\u00bb{}\u00a0\u00bb][et_pb_team_member name=\u00a0\u00bbAllan Webster\u00a0\u00bb position=\u00a0\u00bbVice-pr\u00e9sident, approbations r\u00e9glementaires\u00a0\u00bb image_url=\u00a0\u00bbhttps:\/\/annualreport.nwmo.ca\/2023\/wp-content\/uploads\/2024\/01\/AllanWebster_029.png\u00a0\u00bb _builder_version=\u00a0\u00bb4.24.2&Prime; _module_preset=\u00a0\u00bbdefault\u00a0\u00bb header_level=\u00a0\u00bbh5&Prime; header_font=\u00a0\u00bbHelveticaNeue-Regular|600|||||||\u00a0\u00bb header_text_color=\u00a0\u00bb#41535d\u00a0\u00bb header_line_height=\u00a0\u00bb19px\u00a0\u00bb position_font=\u00a0\u00bb||on||||||\u00a0\u00bb position_text_color=\u00a0\u00bb#41535d\u00a0\u00bb text_orientation=\u00a0\u00bbcenter\u00a0\u00bb custom_css_member_image=\u00a0\u00bbmargin-bottom: 16px;\u00a0\u00bb border_radii_image=\u00a0\u00bboff|||32px|\u00a0\u00bb global_colors_info=\u00a0\u00bb{}\u00a0\u00bb][\/et_pb_team_member][\/et_pb_column][et_pb_column type=\u00a0\u00bb1_5&Prime; _builder_version=\u00a0\u00bb4.16&Prime; _module_preset=\u00a0\u00bbdefault\u00a0\u00bb global_colors_info=\u00a0\u00bb{}\u00a0\u00bb][et_pb_team_member name=\u00a0\u00bbDerek Wilson\u00a0\u00bb position=\u00a0\u00bbChef des op\u00e9rations\u00a0\u00bb image_url=\u00a0\u00bbhttps:\/\/annualreport.nwmo.ca\/2023\/wp-content\/uploads\/2024\/01\/DerekWilson_032.png\u00a0\u00bb _builder_version=\u00a0\u00bb4.24.2&Prime; _module_preset=\u00a0\u00bbdefault\u00a0\u00bb header_level=\u00a0\u00bbh5&Prime; header_font=\u00a0\u00bbHelveticaNeue-Regular|600|||||||\u00a0\u00bb header_text_color=\u00a0\u00bb#41535d\u00a0\u00bb header_line_height=\u00a0\u00bb19px\u00a0\u00bb position_font=\u00a0\u00bb||on||||||\u00a0\u00bb position_text_color=\u00a0\u00bb#41535d\u00a0\u00bb text_orientation=\u00a0\u00bbcenter\u00a0\u00bb custom_css_member_image=\u00a0\u00bbmargin-bottom: 16px;\u00a0\u00bb border_radii_image=\u00a0\u00bboff|||32px|\u00a0\u00bb global_colors_info=\u00a0\u00bb{}\u00a0\u00bb][\/et_pb_team_member][\/et_pb_column][\/et_pb_row][\/et_pb_section][et_pb_section fb_built=\u00a0\u00bb1&Prime; admin_label=\u00a0\u00bbs6&Prime; module_id=\u00a0\u00bbsection-7&Prime; module_class=\u00a0\u00bbtoggle-section\u00a0\u00bb _builder_version=\u00a0\u00bb4.19.5&Prime; _module_preset=\u00a0\u00bbdefault\u00a0\u00bb custom_padding=\u00a0\u00bb0px||0px||false|false\u00a0\u00bb global_colors_info=\u00a0\u00bb{}\u00a0\u00bb][et_pb_row _builder_version=\u00a0\u00bb4.16&Prime; _module_preset=\u00a0\u00bbdefault\u00a0\u00bb global_colors_info=\u00a0\u00bb{}\u00a0\u00bb][et_pb_column type=\u00a0\u00bb4_4&Prime; _builder_version=\u00a0\u00bb4.16&Prime; _module_preset=\u00a0\u00bbdefault\u00a0\u00bb global_colors_info=\u00a0\u00bb{}\u00a0\u00bb][et_pb_text module_class=\u00a0\u00bbtoggle-btn\u00a0\u00bb _builder_version=\u00a0\u00bb4.24.2&Prime; _module_preset=\u00a0\u00bbdefault\u00a0\u00bb header_2_font=\u00a0\u00bb|300|||||||\u00a0\u00bb header_3_font=\u00a0\u00bb|300|||||||\u00a0\u00bb global_colors_info=\u00a0\u00bb{}\u00a0\u00bb]<\/p>\n<h2>Conseil consultatif<\/h2>\n<p>[\/et_pb_text][\/et_pb_column][\/et_pb_row][\/et_pb_section][et_pb_section fb_built=\u00a0\u00bb1&Prime; admin_label=\u00a0\u00bbs6 content\u00a0\u00bb module_class=\u00a0\u00bbsection-7 toggle-section  toggle-content image-team-full-width  team-module\u00a0\u00bb _builder_version=\u00a0\u00bb4.19.5&Prime; _module_preset=\u00a0\u00bbdefault\u00a0\u00bb custom_padding=\u00a0\u00bb0px||||false|false\u00a0\u00bb global_colors_info=\u00a0\u00bb{}\u00a0\u00bb][et_pb_row _builder_version=\u00a0\u00bb4.16&Prime; _module_preset=\u00a0\u00bbdefault\u00a0\u00bb global_colors_info=\u00a0\u00bb{}\u00a0\u00bb][et_pb_column type=\u00a0\u00bb4_4&Prime; _builder_version=\u00a0\u00bb4.16&Prime; _module_preset=\u00a0\u00bbdefault\u00a0\u00bb global_colors_info=\u00a0\u00bb{}\u00a0\u00bb][et_pb_text _builder_version=\u00a0\u00bb4.24.2&Prime; _module_preset=\u00a0\u00bbdefault\u00a0\u00bb global_colors_info=\u00a0\u00bb{}\u00a0\u00bb]<\/p>\n<p>Le <a href=\"https:\/\/www.nwmo.ca\/fr\/Who-we-are\/How-were-governed\/Advisory-Council\" target=\"_blank\" rel=\"noopener\">Conseil consultatif<\/a> est un groupe autonome et ind\u00e9pendant qui examine et commente les travaux de la SGDN, conform\u00e9ment aux exigences de la <em>LDCN<\/em>. Ses rapports apparaissent dans les rapports triennaux de la SGDN, qui sont publi\u00e9s tous les trois ans.<\/p>\n<p>Le r\u00f4le du Conseil consultatif est :<\/p>\n<ul>\n<li>De s\u2019assurer que les points de vue du public et des groupes d\u2019int\u00e9r\u00eats soient \u00e9cout\u00e9s et pris en compte de mani\u00e8re r\u00e9fl\u00e9chie et \u00e9quilibr\u00e9e dans les approches propos\u00e9es par la SGDN et dans nos rapports;<\/li>\n<li>D\u2019aider la SGDN \u00e0 s\u2019assurer que nos processus soient de bonne qualit\u00e9, ouverts, transparents, exhaustifs et rigoureux.<\/li>\n<\/ul>\n<p>Comme la SGDN progresse dans nos travaux vers la s\u00e9lection d\u2019un site et que les organisations autochtones touch\u00e9es et les r\u00e9gions h\u00f4tes potentielles se pr\u00e9cisent, des repr\u00e9sentants de ces collectivit\u00e9s doivent si\u00e9ger au Conseil consultatif selon les exigences de la <em>LDCN<\/em>.<\/p>\n<p>[\/et_pb_text][\/et_pb_column][\/et_pb_row][et_pb_row module_class=\u00a0\u00bbblurb-content-top\u00a0\u00bb _builder_version=\u00a0\u00bb4.16&Prime; _module_preset=\u00a0\u00bbdefault\u00a0\u00bb custom_padding=\u00a0\u00bb0px||||false|false\u00a0\u00bb global_colors_info=\u00a0\u00bb{}\u00a0\u00bb][et_pb_column type=\u00a0\u00bb4_4&Prime; _builder_version=\u00a0\u00bb4.16&Prime; _module_preset=\u00a0\u00bbdefault\u00a0\u00bb global_colors_info=\u00a0\u00bb{}\u00a0\u00bb][et_pb_text _builder_version=\u00a0\u00bb4.24.2&Prime; _module_preset=\u00a0\u00bbdefault\u00a0\u00bb text_font=\u00a0\u00bb|600|||||||\u00a0\u00bb text_text_color=\u00a0\u00bb#29373d\u00a0\u00bb custom_margin=\u00a0\u00bb||5px||false|false\u00a0\u00bb global_colors_info=\u00a0\u00bb{}\u00a0\u00bb]<\/p>\n<p>Membres du Conseil consultatif<\/p>\n<p>[\/et_pb_text][et_pb_text _builder_version=\u00a0\u00bb4.24.2&Prime; _module_preset=\u00a0\u00bbdefault\u00a0\u00bb global_colors_info=\u00a0\u00bb{}\u00a0\u00bb]<\/p>\n<p>Le Conseil consultatif compte actuellement neuf membres, dont l\u2019expertise combin\u00e9e couvre une vaste gamme de domaines\u00a0: l\u2019ing\u00e9nierie, la concertation avec les collectivit\u00e9s, les affaires publiques, l\u2019environnement, le d\u00e9veloppement durable, les relations avec les Autochtones, le savoir autochtone et la recherche ax\u00e9e sur les collectivit\u00e9s.<\/p>\n<p>Au 31\u00a0d\u00e9cembre 2023, il comptait les membres suivants\u00a0: David R. Cameron (pr\u00e9sident), Donald Obonsawin (vice-pr\u00e9sident), Joseph Cavalancia, Monica Gattinger, Dean Jacobs, Diane M. Kelly, Dougal McCreath, Stella Swanson et Linda Thompson.<\/p>\n<p>En 2023, le Conseil consultatif a continu\u00e9 \u00e0 conseiller la SGDN dans les domaines cl\u00e9s suivants\u00a0:<\/p>\n<ul>\n<li>Les activit\u00e9s d\u2019\u00e9valuation des sites, d\u2019ing\u00e9nierie et de planification du transport;<\/li>\n<li>Les plans en vue de l\u2019\u00e9tablissement du processus de d\u00e9cision sur la s\u00e9lection d\u00e9finitive du site et le consentement de la collectivit\u00e9;<\/li>\n<li>Le financement soutenant la formation de partenariats et la promotion du bien-\u00eatre des collectivit\u00e9s pour favoriser la mise en place d\u2019accords de partenariat;<\/li>\n<li>L\u2019\u00e9valuation des risques li\u00e9s aux travaux de la SGDN;<\/li>\n<li>L\u2019\u00e9laboration du cadre de planification du transport de la SGDN;<\/li>\n<li>Les activit\u00e9s de planification financi\u00e8re et les plans de reprise des travaux retard\u00e9s par la pand\u00e9mie;<\/li>\n<li>L\u2019\u00e9laboration des plans de la SGDN en mati\u00e8re de r\u00e9glementation;<\/li>\n<li>Les sujets li\u00e9s au transport du combustible irradi\u00e9;<\/li>\n<li>Les activit\u00e9s li\u00e9es \u00e0 la r\u00e9conciliation et au savoir autochtone;<\/li>\n<li>Les questions techniques li\u00e9es \u00e0 la s\u00fbret\u00e9 \u00e0 long terme.<\/li>\n<\/ul>\n<p>[\/et_pb_text][\/et_pb_column][\/et_pb_row][et_pb_row column_structure=\u00a0\u00bb1_5,1_5,1_5,1_5,1_5&Prime; use_custom_gutter=\u00a0\u00bbon\u00a0\u00bb gutter_width=\u00a0\u00bb2&Prime; make_equal=\u00a0\u00bbon\u00a0\u00bb _builder_version=\u00a0\u00bb4.16&Prime; _module_preset=\u00a0\u00bbdefault\u00a0\u00bb custom_padding=\u00a0\u00bb0px||5px||false|false\u00a0\u00bb global_colors_info=\u00a0\u00bb{}\u00a0\u00bb][et_pb_column type=\u00a0\u00bb1_5&Prime; _builder_version=\u00a0\u00bb4.16&Prime; _module_preset=\u00a0\u00bbdefault\u00a0\u00bb global_colors_info=\u00a0\u00bb{}\u00a0\u00bb][et_pb_team_member name=\u00a0\u00bbDavid R. Cameron\u00a0\u00bb position=\u00a0\u00bbPr\u00e9sident\u00a0\u00bb image_url=\u00a0\u00bbhttps:\/\/annualreport.nwmo.ca\/2023\/wp-content\/uploads\/2024\/01\/DavidCameron_046.png\u00a0\u00bb _builder_version=\u00a0\u00bb4.24.2&Prime; _module_preset=\u00a0\u00bbdefault\u00a0\u00bb header_level=\u00a0\u00bbh5&Prime; header_font=\u00a0\u00bbHelveticaNeue-Regular|600|||||||\u00a0\u00bb header_text_color=\u00a0\u00bb#41535d\u00a0\u00bb header_line_height=\u00a0\u00bb19px\u00a0\u00bb position_font=\u00a0\u00bb||on||||||\u00a0\u00bb position_text_color=\u00a0\u00bb#41535d\u00a0\u00bb text_orientation=\u00a0\u00bbcenter\u00a0\u00bb custom_css_member_image=\u00a0\u00bbmargin-bottom: 16px;\u00a0\u00bb border_radii_image=\u00a0\u00bboff|||32px|\u00a0\u00bb global_colors_info=\u00a0\u00bb{}\u00a0\u00bb][\/et_pb_team_member][\/et_pb_column][et_pb_column type=\u00a0\u00bb1_5&Prime; _builder_version=\u00a0\u00bb4.16&Prime; _module_preset=\u00a0\u00bbdefault\u00a0\u00bb global_colors_info=\u00a0\u00bb{}\u00a0\u00bb][et_pb_team_member name=\u00a0\u00bbDonald Obonsawin\u00a0\u00bb position=\u00a0\u00bbVice-pr\u00e9sident\u00a0\u00bb image_url=\u00a0\u00bbhttps:\/\/annualreport.nwmo.ca\/2023\/wp-content\/uploads\/2024\/01\/DonaldObonsawin_040.png\u00a0\u00bb _builder_version=\u00a0\u00bb4.24.2&Prime; _module_preset=\u00a0\u00bbdefault\u00a0\u00bb header_level=\u00a0\u00bbh5&Prime; header_font=\u00a0\u00bbHelveticaNeue-Regular|600|||||||\u00a0\u00bb header_text_color=\u00a0\u00bb#41535d\u00a0\u00bb header_line_height=\u00a0\u00bb19px\u00a0\u00bb position_font=\u00a0\u00bb||on||||||\u00a0\u00bb position_text_color=\u00a0\u00bb#41535d\u00a0\u00bb text_orientation=\u00a0\u00bbcenter\u00a0\u00bb custom_css_member_image=\u00a0\u00bbmargin-bottom: 16px;\u00a0\u00bb border_radii_image=\u00a0\u00bboff|||32px|\u00a0\u00bb global_colors_info=\u00a0\u00bb{}\u00a0\u00bb][\/et_pb_team_member][\/et_pb_column][et_pb_column type=\u00a0\u00bb1_5&Prime; _builder_version=\u00a0\u00bb4.16&Prime; _module_preset=\u00a0\u00bbdefault\u00a0\u00bb global_colors_info=\u00a0\u00bb{}\u00a0\u00bb][et_pb_team_member name=\u00a0\u00bbJoseph Cavalancia\u00a0\u00bb position=\u00a0\u00bbMembre\u00a0\u00bb image_url=\u00a0\u00bbhttps:\/\/annualreport.nwmo.ca\/2023\/wp-content\/uploads\/2024\/01\/JosephCavalancia_039.png\u00a0\u00bb _builder_version=\u00a0\u00bb4.24.2&Prime; _module_preset=\u00a0\u00bbdefault\u00a0\u00bb header_level=\u00a0\u00bbh5&Prime; header_font=\u00a0\u00bbHelveticaNeue-Regular|600|||||||\u00a0\u00bb header_text_color=\u00a0\u00bb#41535d\u00a0\u00bb header_line_height=\u00a0\u00bb19px\u00a0\u00bb position_font=\u00a0\u00bb||on||||||\u00a0\u00bb position_text_color=\u00a0\u00bb#41535d\u00a0\u00bb text_orientation=\u00a0\u00bbcenter\u00a0\u00bb custom_css_member_image=\u00a0\u00bbmargin-bottom: 16px;\u00a0\u00bb border_radii_image=\u00a0\u00bboff|||32px|\u00a0\u00bb global_colors_info=\u00a0\u00bb{}\u00a0\u00bb][\/et_pb_team_member][\/et_pb_column][et_pb_column type=\u00a0\u00bb1_5&Prime; _builder_version=\u00a0\u00bb4.16&Prime; _module_preset=\u00a0\u00bbdefault\u00a0\u00bb global_colors_info=\u00a0\u00bb{}\u00a0\u00bb][et_pb_team_member name=\u00a0\u00bbMonica Gattinger\u00a0\u00bb position=\u00a0\u00bbMembre\u00a0\u00bb image_url=\u00a0\u00bbhttps:\/\/annualreport.nwmo.ca\/2023\/wp-content\/uploads\/2024\/01\/MonicaGattinger_018.png\u00a0\u00bb _builder_version=\u00a0\u00bb4.24.2&Prime; _module_preset=\u00a0\u00bbdefault\u00a0\u00bb header_level=\u00a0\u00bbh5&Prime; header_font=\u00a0\u00bbHelveticaNeue-Regular|600|||||||\u00a0\u00bb header_text_color=\u00a0\u00bb#41535d\u00a0\u00bb header_line_height=\u00a0\u00bb19px\u00a0\u00bb position_font=\u00a0\u00bb||on||||||\u00a0\u00bb position_text_color=\u00a0\u00bb#41535d\u00a0\u00bb text_orientation=\u00a0\u00bbcenter\u00a0\u00bb custom_css_member_image=\u00a0\u00bbmargin-bottom: 16px;\u00a0\u00bb border_radii_image=\u00a0\u00bboff|||32px|\u00a0\u00bb global_colors_info=\u00a0\u00bb{}\u00a0\u00bb][\/et_pb_team_member][\/et_pb_column][et_pb_column type=\u00a0\u00bb1_5&Prime; _builder_version=\u00a0\u00bb4.16&Prime; _module_preset=\u00a0\u00bbdefault\u00a0\u00bb global_colors_info=\u00a0\u00bb{}\u00a0\u00bb][et_pb_team_member name=\u00a0\u00bbDean Jacobs\u00a0\u00bb position=\u00a0\u00bbMembre\u00a0\u00bb image_url=\u00a0\u00bbhttps:\/\/annualreport.nwmo.ca\/2023\/wp-content\/uploads\/2024\/01\/DeanJacobs_035.png\u00a0\u00bb _builder_version=\u00a0\u00bb4.24.2&Prime; _module_preset=\u00a0\u00bbdefault\u00a0\u00bb header_level=\u00a0\u00bbh5&Prime; header_font=\u00a0\u00bbHelveticaNeue-Regular|600|||||||\u00a0\u00bb header_text_color=\u00a0\u00bb#41535d\u00a0\u00bb header_line_height=\u00a0\u00bb19px\u00a0\u00bb position_font=\u00a0\u00bb||on||||||\u00a0\u00bb position_text_color=\u00a0\u00bb#41535d\u00a0\u00bb text_orientation=\u00a0\u00bbcenter\u00a0\u00bb custom_css_member_image=\u00a0\u00bbmargin-bottom: 16px;\u00a0\u00bb border_radii_image=\u00a0\u00bboff|||32px|\u00a0\u00bb global_colors_info=\u00a0\u00bb{}\u00a0\u00bb][\/et_pb_team_member][\/et_pb_column][\/et_pb_row][et_pb_row column_structure=\u00a0\u00bb1_5,1_5,1_5,1_5,1_5&Prime; use_custom_gutter=\u00a0\u00bbon\u00a0\u00bb gutter_width=\u00a0\u00bb2&Prime; make_equal=\u00a0\u00bbon\u00a0\u00bb _builder_version=\u00a0\u00bb4.16&Prime; _module_preset=\u00a0\u00bbdefault\u00a0\u00bb custom_padding=\u00a0\u00bb0px||5px||false|false\u00a0\u00bb global_colors_info=\u00a0\u00bb{}\u00a0\u00bb][et_pb_column type=\u00a0\u00bb1_5&Prime; _builder_version=\u00a0\u00bb4.16&Prime; _module_preset=\u00a0\u00bbdefault\u00a0\u00bb global_colors_info=\u00a0\u00bb{}\u00a0\u00bb][et_pb_team_member name=\u00a0\u00bbDiane M. Kelly\u00a0\u00bb position=\u00a0\u00bbMembre\u00a0\u00bb image_url=\u00a0\u00bbhttps:\/\/annualreport.nwmo.ca\/2023\/wp-content\/uploads\/2024\/01\/DianeMKelly.png\u00a0\u00bb _builder_version=\u00a0\u00bb4.24.2&Prime; _module_preset=\u00a0\u00bbdefault\u00a0\u00bb header_level=\u00a0\u00bbh5&Prime; header_font=\u00a0\u00bbHelveticaNeue-Regular|600|||||||\u00a0\u00bb header_text_color=\u00a0\u00bb#41535d\u00a0\u00bb header_line_height=\u00a0\u00bb19px\u00a0\u00bb position_font=\u00a0\u00bb||on||||||\u00a0\u00bb position_text_color=\u00a0\u00bb#41535d\u00a0\u00bb text_orientation=\u00a0\u00bbcenter\u00a0\u00bb custom_css_member_image=\u00a0\u00bbmargin-bottom: 16px;\u00a0\u00bb border_radii_image=\u00a0\u00bboff|||32px|\u00a0\u00bb global_colors_info=\u00a0\u00bb{}\u00a0\u00bb][\/et_pb_team_member][\/et_pb_column][et_pb_column type=\u00a0\u00bb1_5&Prime; _builder_version=\u00a0\u00bb4.16&Prime; _module_preset=\u00a0\u00bbdefault\u00a0\u00bb global_colors_info=\u00a0\u00bb{}\u00a0\u00bb][et_pb_team_member name=\u00a0\u00bbDougal McCreath\u00a0\u00bb position=\u00a0\u00bbMembre\u00a0\u00bb image_url=\u00a0\u00bbhttps:\/\/annualreport.nwmo.ca\/2023\/wp-content\/uploads\/2024\/01\/DougalMcCreath_036.png\u00a0\u00bb _builder_version=\u00a0\u00bb4.24.2&Prime; _module_preset=\u00a0\u00bbdefault\u00a0\u00bb header_level=\u00a0\u00bbh5&Prime; header_font=\u00a0\u00bbHelveticaNeue-Regular|600|||||||\u00a0\u00bb header_text_color=\u00a0\u00bb#41535d\u00a0\u00bb header_line_height=\u00a0\u00bb19px\u00a0\u00bb position_font=\u00a0\u00bb||on||||||\u00a0\u00bb position_text_color=\u00a0\u00bb#41535d\u00a0\u00bb text_orientation=\u00a0\u00bbcenter\u00a0\u00bb custom_css_member_image=\u00a0\u00bbmargin-bottom: 16px;\u00a0\u00bb border_radii_image=\u00a0\u00bboff|||32px|\u00a0\u00bb global_colors_info=\u00a0\u00bb{}\u00a0\u00bb][\/et_pb_team_member][\/et_pb_column][et_pb_column type=\u00a0\u00bb1_5&Prime; _builder_version=\u00a0\u00bb4.16&Prime; _module_preset=\u00a0\u00bbdefault\u00a0\u00bb global_colors_info=\u00a0\u00bb{}\u00a0\u00bb][et_pb_team_member name=\u00a0\u00bbStella Swanson\u00a0\u00bb position=\u00a0\u00bbMembre\u00a0\u00bb image_url=\u00a0\u00bbhttps:\/\/annualreport.nwmo.ca\/2023\/wp-content\/uploads\/2024\/01\/StellaSwanson_032.png\u00a0\u00bb _builder_version=\u00a0\u00bb4.24.2&Prime; _module_preset=\u00a0\u00bbdefault\u00a0\u00bb header_level=\u00a0\u00bbh5&Prime; header_font=\u00a0\u00bbHelveticaNeue-Regular|600|||||||\u00a0\u00bb header_text_color=\u00a0\u00bb#41535d\u00a0\u00bb header_line_height=\u00a0\u00bb19px\u00a0\u00bb position_font=\u00a0\u00bb||on||||||\u00a0\u00bb position_text_color=\u00a0\u00bb#41535d\u00a0\u00bb text_orientation=\u00a0\u00bbcenter\u00a0\u00bb custom_css_member_image=\u00a0\u00bbmargin-bottom: 16px;\u00a0\u00bb border_radii_image=\u00a0\u00bboff|||32px|\u00a0\u00bb global_colors_info=\u00a0\u00bb{}\u00a0\u00bb][\/et_pb_team_member][\/et_pb_column][et_pb_column type=\u00a0\u00bb1_5&Prime; _builder_version=\u00a0\u00bb4.16&Prime; _module_preset=\u00a0\u00bbdefault\u00a0\u00bb global_colors_info=\u00a0\u00bb{}\u00a0\u00bb][et_pb_team_member name=\u00a0\u00bbLinda Thompson\u00a0\u00bb position=\u00a0\u00bbMembre\u00a0\u00bb image_url=\u00a0\u00bbhttps:\/\/annualreport.nwmo.ca\/2023\/wp-content\/uploads\/2024\/01\/LindaThompson_025.png\u00a0\u00bb _builder_version=\u00a0\u00bb4.24.2&Prime; _module_preset=\u00a0\u00bbdefault\u00a0\u00bb header_level=\u00a0\u00bbh5&Prime; header_font=\u00a0\u00bbHelveticaNeue-Regular|600|||||||\u00a0\u00bb header_text_color=\u00a0\u00bb#41535d\u00a0\u00bb header_line_height=\u00a0\u00bb19px\u00a0\u00bb position_font=\u00a0\u00bb||on||||||\u00a0\u00bb position_text_color=\u00a0\u00bb#41535d\u00a0\u00bb text_orientation=\u00a0\u00bbcenter\u00a0\u00bb custom_css_member_image=\u00a0\u00bbmargin-bottom: 16px;\u00a0\u00bb border_radii_image=\u00a0\u00bboff|||32px|\u00a0\u00bb global_colors_info=\u00a0\u00bb{}\u00a0\u00bb][\/et_pb_team_member][\/et_pb_column][et_pb_column type=\u00a0\u00bb1_5&Prime; _builder_version=\u00a0\u00bb4.16&Prime; _module_preset=\u00a0\u00bbdefault\u00a0\u00bb global_colors_info=\u00a0\u00bb{}\u00a0\u00bb][\/et_pb_column][\/et_pb_row][\/et_pb_section][et_pb_section fb_built=\u00a0\u00bb1&Prime; admin_label=\u00a0\u00bbs9&Prime; module_id=\u00a0\u00bbsection-8&Prime; module_class=\u00a0\u00bbtoggle-section\u00a0\u00bb _builder_version=\u00a0\u00bb4.19.5&Prime; _module_preset=\u00a0\u00bbdefault\u00a0\u00bb custom_padding=\u00a0\u00bb0px||0px||false|false\u00a0\u00bb global_colors_info=\u00a0\u00bb{}\u00a0\u00bb][et_pb_row _builder_version=\u00a0\u00bb4.16&Prime; _module_preset=\u00a0\u00bbdefault\u00a0\u00bb global_colors_info=\u00a0\u00bb{}\u00a0\u00bb][et_pb_column type=\u00a0\u00bb4_4&Prime; _builder_version=\u00a0\u00bb4.16&Prime; _module_preset=\u00a0\u00bbdefault\u00a0\u00bb global_colors_info=\u00a0\u00bb{}\u00a0\u00bb][et_pb_text module_class=\u00a0\u00bbtoggle-btn\u00a0\u00bb _builder_version=\u00a0\u00bb4.24.2&Prime; _module_preset=\u00a0\u00bbdefault\u00a0\u00bb header_2_font=\u00a0\u00bb|300|||||||\u00a0\u00bb header_3_font=\u00a0\u00bb|300|||||||\u00a0\u00bb global_colors_info=\u00a0\u00bb{}\u00a0\u00bb]<\/p>\n<h2>Conseil des a\u00een\u00e9s et des jeunes<\/h2>\n<p>[\/et_pb_text][\/et_pb_column][\/et_pb_row][\/et_pb_section][et_pb_section fb_built=\u00a0\u00bb1&Prime; admin_label=\u00a0\u00bbs9 content\u00a0\u00bb module_class=\u00a0\u00bbsection-8 toggle-section  toggle-content \u00a0\u00bb _builder_version=\u00a0\u00bb4.19.5&Prime; _module_preset=\u00a0\u00bbdefault\u00a0\u00bb custom_padding=\u00a0\u00bb0px||||false|false\u00a0\u00bb global_colors_info=\u00a0\u00bb{}\u00a0\u00bb][et_pb_row _builder_version=\u00a0\u00bb4.16&Prime; _module_preset=\u00a0\u00bbdefault\u00a0\u00bb background_enable_color=\u00a0\u00bboff\u00a0\u00bb global_colors_info=\u00a0\u00bb{}\u00a0\u00bb][et_pb_column type=\u00a0\u00bb4_4&Prime; _builder_version=\u00a0\u00bb4.16&Prime; _module_preset=\u00a0\u00bbdefault\u00a0\u00bb global_colors_info=\u00a0\u00bb{}\u00a0\u00bb][et_pb_text _builder_version=\u00a0\u00bb4.24.2&Prime; _module_preset=\u00a0\u00bbdefault\u00a0\u00bb global_colors_info=\u00a0\u00bb{}\u00a0\u00bb]<\/p>\n<p>Le <a href=\"https:\/\/www.nwmo.ca\/fr\/Reconciliation\/Council-of-Elders-and-Youth\" target=\"_blank\" rel=\"noopener\">Conseil des a\u00een\u00e9s et des jeunes<\/a> est un organe consultatif ind\u00e9pendant dont les membres proviennent de collectivit\u00e9s autochtones \u00e0 travers le Canada. Il fournit des conseils \u00e0 la SGDN sur l\u2019application du savoir autochtone \u00e0 la mise en oeuvre du plan canadien et sur les moyens qui peuvent \u00eatre pris pour mieux d\u00e9velopper et maintenir de bonnes relations avec les collectivit\u00e9s autochtones.<\/p>\n<p>Les d\u00e9tenteurs du savoir ont beaucoup de connaissances traditionnelles \u00e0 transmettre. L\u2019un de leurs r\u00f4les est d\u2019\u00e9clairer la prise de d\u00e9cision \u00e0 l\u2019aide de ces connaissances ancestrales. La SGDN est honor\u00e9e d\u2019avoir b\u00e9n\u00e9fici\u00e9 des conseils de d\u00e9tenteurs du savoir au cours des derni\u00e8res ann\u00e9es, y compris pendant la p\u00e9riode vis\u00e9e par le pr\u00e9sent rapport.<\/p>\n<p>[\/et_pb_text][\/et_pb_column][\/et_pb_row][\/et_pb_section][et_pb_section fb_built=\u00a0\u00bb1&Prime; admin_label=\u00a0\u00bbs10&Prime; module_id=\u00a0\u00bbsection-9&Prime; module_class=\u00a0\u00bbtoggle-section\u00a0\u00bb _builder_version=\u00a0\u00bb4.19.5&Prime; _module_preset=\u00a0\u00bbdefault\u00a0\u00bb custom_padding=\u00a0\u00bb0px||0px||false|false\u00a0\u00bb global_colors_info=\u00a0\u00bb{}\u00a0\u00bb][et_pb_row _builder_version=\u00a0\u00bb4.16&Prime; _module_preset=\u00a0\u00bbdefault\u00a0\u00bb global_colors_info=\u00a0\u00bb{}\u00a0\u00bb][et_pb_column type=\u00a0\u00bb4_4&Prime; _builder_version=\u00a0\u00bb4.16&Prime; _module_preset=\u00a0\u00bbdefault\u00a0\u00bb global_colors_info=\u00a0\u00bb{}\u00a0\u00bb][et_pb_text module_class=\u00a0\u00bbtoggle-btn\u00a0\u00bb _builder_version=\u00a0\u00bb4.24.2&Prime; _module_preset=\u00a0\u00bbdefault\u00a0\u00bb header_2_font=\u00a0\u00bb|300|||||||\u00a0\u00bb header_3_font=\u00a0\u00bb|300|||||||\u00a0\u00bb global_colors_info=\u00a0\u00bb{}\u00a0\u00bb]<\/p>\n<h2>Forum municipal<\/h2>\n<p>[\/et_pb_text][\/et_pb_column][\/et_pb_row][\/et_pb_section][et_pb_section fb_built=\u00a0\u00bb1&Prime; admin_label=\u00a0\u00bbs10 content\u00a0\u00bb module_class=\u00a0\u00bbsection-9 toggle-section  toggle-content \u00a0\u00bb _builder_version=\u00a0\u00bb4.19.5&Prime; _module_preset=\u00a0\u00bbdefault\u00a0\u00bb custom_padding=\u00a0\u00bb0px||||false|false\u00a0\u00bb global_colors_info=\u00a0\u00bb{}\u00a0\u00bb][et_pb_row _builder_version=\u00a0\u00bb4.16&Prime; _module_preset=\u00a0\u00bbdefault\u00a0\u00bb background_enable_color=\u00a0\u00bboff\u00a0\u00bb global_colors_info=\u00a0\u00bb{}\u00a0\u00bb][et_pb_column type=\u00a0\u00bb4_4&Prime; _builder_version=\u00a0\u00bb4.16&Prime; _module_preset=\u00a0\u00bbdefault\u00a0\u00bb global_colors_info=\u00a0\u00bb{}\u00a0\u00bb][et_pb_text _builder_version=\u00a0\u00bb4.24.2&Prime; _module_preset=\u00a0\u00bbdefault\u00a0\u00bb global_colors_info=\u00a0\u00bb{}\u00a0\u00bb]<\/p>\n<p>Le <a href=\"https:\/\/www.nwmo.ca\/-\/media\/Reports---Files\/PDFs\/2017\/11\/07\/14\/47\/Municipal-Forum_EN-2017_11_07.ashx\" target=\"_blank\" rel=\"noopener\">Forum municipal<\/a> est une assembl\u00e9e de dirigeants municipaux ayant de l\u2019exp\u00e9rience et des comp\u00e9tences sur les enjeux et les d\u00e9fis qui se posent aux municipalit\u00e9s. Cr\u00e9\u00e9 par la SGDN en 2009, en collaboration avec la F\u00e9d\u00e9ration canadienne des municipalit\u00e9s, le Forum municipal fournit des conseils fond\u00e9s sur les perspectives et les processus des municipalit\u00e9s afin d\u2019orienter les efforts de concertation et de sensibilisation de la SGDN. Il aide la SGDN \u00e0 int\u00e9grer les pratiques les plus appropri\u00e9es pour communiquer avec les administrations et les associations locales et nous aide \u00e0 comprendre les besoins et les pratiques des municipalit\u00e9s qui songent \u00e0 accueillir le projet.<\/p>\n<p>[\/et_pb_text][\/et_pb_column][\/et_pb_row][\/et_pb_section][et_pb_section fb_built=\u00a0\u00bb1&Prime; admin_label=\u00a0\u00bbs11&Prime; module_id=\u00a0\u00bbsection-10&Prime; module_class=\u00a0\u00bbtoggle-section\u00a0\u00bb _builder_version=\u00a0\u00bb4.19.5&Prime; _module_preset=\u00a0\u00bbdefault\u00a0\u00bb custom_padding=\u00a0\u00bb0px||0px||false|false\u00a0\u00bb global_colors_info=\u00a0\u00bb{}\u00a0\u00bb][et_pb_row _builder_version=\u00a0\u00bb4.16&Prime; _module_preset=\u00a0\u00bbdefault\u00a0\u00bb global_colors_info=\u00a0\u00bb{}\u00a0\u00bb][et_pb_column type=\u00a0\u00bb4_4&Prime; _builder_version=\u00a0\u00bb4.16&Prime; _module_preset=\u00a0\u00bbdefault\u00a0\u00bb global_colors_info=\u00a0\u00bb{}\u00a0\u00bb][et_pb_text module_class=\u00a0\u00bbtoggle-btn\u00a0\u00bb _builder_version=\u00a0\u00bb4.24.2&Prime; _module_preset=\u00a0\u00bbdefault\u00a0\u00bb header_2_font=\u00a0\u00bb|300|||||||\u00a0\u00bb header_3_font=\u00a0\u00bb|300|||||||\u00a0\u00bb global_colors_info=\u00a0\u00bb{}\u00a0\u00bb]<\/p>\n<h2>Groupe d\u2019examen environnemental<\/h2>\n<p>[\/et_pb_text][\/et_pb_column][\/et_pb_row][\/et_pb_section][et_pb_section fb_built=\u00a0\u00bb1&Prime; admin_label=\u00a0\u00bbs11 content\u00a0\u00bb module_class=\u00a0\u00bbsection-10 toggle-section  toggle-content \u00a0\u00bb _builder_version=\u00a0\u00bb4.19.5&Prime; _module_preset=\u00a0\u00bbdefault\u00a0\u00bb custom_padding=\u00a0\u00bb0px||||false|false\u00a0\u00bb global_colors_info=\u00a0\u00bb{}\u00a0\u00bb][et_pb_row _builder_version=\u00a0\u00bb4.16&Prime; _module_preset=\u00a0\u00bbdefault\u00a0\u00bb background_enable_color=\u00a0\u00bboff\u00a0\u00bb global_colors_info=\u00a0\u00bb{}\u00a0\u00bb][et_pb_column type=\u00a0\u00bb4_4&Prime; _builder_version=\u00a0\u00bb4.16&Prime; _module_preset=\u00a0\u00bbdefault\u00a0\u00bb global_colors_info=\u00a0\u00bb{}\u00a0\u00bb][et_pb_text _builder_version=\u00a0\u00bb4.24.2&Prime; _module_preset=\u00a0\u00bbdefault\u00a0\u00bb global_colors_info=\u00a0\u00bb{}\u00a0\u00bb]<\/p>\n<p>Le <a href=\"https:\/\/www.nwmo.ca\/fr\/Who-we-are\/How-were-governed\/Peer-review\/Environmental-Review-Group\" target=\"_blank\" rel=\"noopener\">Groupe d\u2019examen environnemental<\/a> (GEE) a \u00e9t\u00e9 cr\u00e9\u00e9 par la SGDN en 2018 pour fournir des conseils et des avis sp\u00e9cialis\u00e9s ind\u00e9pendants sur les programmes environnementaux et sur la th\u00e9orie et la pratique de l\u2019\u00e9valuation des impacts, y compris dans les domaines de la concertation publique et de l\u2019alignement sur le savoir autochtone. Le GEE est compos\u00e9 de sp\u00e9cialistes de divers domaines d\u2019\u00e9tudes et horizons culturels. Il se r\u00e9unit quatre fois par ann\u00e9e pour discuter des questions strat\u00e9giques li\u00e9es \u00e0 l\u2019\u00e9valuation des impacts environnementaux du projet.<\/p>\n<p>[\/et_pb_text][\/et_pb_column][\/et_pb_row][\/et_pb_section][et_pb_section fb_built=\u00a0\u00bb1&Prime; admin_label=\u00a0\u00bbs8&Prime; module_id=\u00a0\u00bbsection-11&Prime; module_class=\u00a0\u00bbtoggle-section\u00a0\u00bb _builder_version=\u00a0\u00bb4.19.5&Prime; _module_preset=\u00a0\u00bbdefault\u00a0\u00bb custom_padding=\u00a0\u00bb0px||0px||false|false\u00a0\u00bb global_colors_info=\u00a0\u00bb{}\u00a0\u00bb][et_pb_row _builder_version=\u00a0\u00bb4.16&Prime; _module_preset=\u00a0\u00bbdefault\u00a0\u00bb global_colors_info=\u00a0\u00bb{}\u00a0\u00bb][et_pb_column type=\u00a0\u00bb4_4&Prime; _builder_version=\u00a0\u00bb4.16&Prime; _module_preset=\u00a0\u00bbdefault\u00a0\u00bb global_colors_info=\u00a0\u00bb{}\u00a0\u00bb][et_pb_text module_class=\u00a0\u00bbtoggle-btn\u00a0\u00bb _builder_version=\u00a0\u00bb4.24.2&Prime; _module_preset=\u00a0\u00bbdefault\u00a0\u00bb header_2_font=\u00a0\u00bb|300|||||||\u00a0\u00bb header_3_font=\u00a0\u00bb|300|||||||\u00a0\u00bb global_colors_info=\u00a0\u00bb{}\u00a0\u00bb]<\/p>\n<h2>Groupe d\u2019examen g\u00e9oscientifique<\/h2>\n<p>[\/et_pb_text][\/et_pb_column][\/et_pb_row][\/et_pb_section][et_pb_section fb_built=\u00a0\u00bb1&Prime; admin_label=\u00a0\u00bbs8 content\u00a0\u00bb module_class=\u00a0\u00bbsection-11 toggle-section  toggle-content \u00a0\u00bb _builder_version=\u00a0\u00bb4.19.5&Prime; _module_preset=\u00a0\u00bbdefault\u00a0\u00bb custom_padding=\u00a0\u00bb0px||||false|false\u00a0\u00bb global_colors_info=\u00a0\u00bb{}\u00a0\u00bb][et_pb_row _builder_version=\u00a0\u00bb4.16&Prime; _module_preset=\u00a0\u00bbdefault\u00a0\u00bb background_enable_color=\u00a0\u00bboff\u00a0\u00bb global_colors_info=\u00a0\u00bb{}\u00a0\u00bb][et_pb_column type=\u00a0\u00bb4_4&Prime; _builder_version=\u00a0\u00bb4.16&Prime; _module_preset=\u00a0\u00bbdefault\u00a0\u00bb global_colors_info=\u00a0\u00bb{}\u00a0\u00bb][et_pb_text _builder_version=\u00a0\u00bb4.24.2&Prime; _module_preset=\u00a0\u00bbdefault\u00a0\u00bb global_colors_info=\u00a0\u00bb{}\u00a0\u00bb]<\/p>\n<p>Le <a href=\"https:\/\/www.nwmo.ca\/fr\/Who-we-are\/How-were-governed\/Peer-review\/Geoscientific-Review-Group\" target=\"_blank\" rel=\"noopener\">Groupe d\u2019examen g\u00e9oscientifique<\/a> est un groupe d\u2019experts en g\u00e9osciences de renomm\u00e9e internationale du Canada, de l\u2019Australie, de la Su\u00e8de et de la Suisse. Il a comme mandat d\u2019examiner l\u2019approche, les m\u00e9thodes et les r\u00e9sultats de la SGDN se rapportant \u00e0 l\u2019\u00e9valuation g\u00e9oscientifique des sites et de fournir des conseils et des avis \u00e0 ce sujet. Il a \u00e9t\u00e9 mis sur pied par la SGDN afin de s\u2019assurer que les \u00e9valuations de sites sont men\u00e9es de fa\u00e7on coh\u00e9rente et tra\u00e7able et qu\u2019elles respectent ou surpassent constamment les meilleures pratiques internationales. Les six membres du groupe poss\u00e8dent collectivement une vaste exp\u00e9rience multidisciplinaire dans des domaines pertinents pour la s\u00e9lection d\u2019un site de roche cristalline ou s\u00e9dimentaire pour un d\u00e9p\u00f4t g\u00e9ologique en profondeur.<\/p>\n<p>[\/et_pb_text][\/et_pb_column][\/et_pb_row][\/et_pb_section][et_pb_section fb_built=\u00a0\u00bb1&Prime; admin_label=\u00a0\u00bbs8&Prime; module_id=\u00a0\u00bbsection-12&Prime; module_class=\u00a0\u00bbtoggle-section\u00a0\u00bb _builder_version=\u00a0\u00bb4.19.5&Prime; _module_preset=\u00a0\u00bbdefault\u00a0\u00bb custom_padding=\u00a0\u00bb0px||0px||false|false\u00a0\u00bb global_colors_info=\u00a0\u00bb{}\u00a0\u00bb][et_pb_row _builder_version=\u00a0\u00bb4.16&Prime; _module_preset=\u00a0\u00bbdefault\u00a0\u00bb global_colors_info=\u00a0\u00bb{}\u00a0\u00bb][et_pb_column type=\u00a0\u00bb4_4&Prime; _builder_version=\u00a0\u00bb4.16&Prime; _module_preset=\u00a0\u00bbdefault\u00a0\u00bb global_colors_info=\u00a0\u00bb{}\u00a0\u00bb][et_pb_text module_class=\u00a0\u00bbtoggle-btn\u00a0\u00bb _builder_version=\u00a0\u00bb4.24.2&Prime; _module_preset=\u00a0\u00bbdefault\u00a0\u00bb header_2_font=\u00a0\u00bb|300|||||||\u00a0\u00bb header_3_font=\u00a0\u00bb|300|||||||\u00a0\u00bb global_colors_info=\u00a0\u00bb{}\u00a0\u00bb]<\/p>\n<h2>Groupe d\u2019examen pour la s\u00e9lection d\u2019un site<\/h2>\n<p>[\/et_pb_text][\/et_pb_column][\/et_pb_row][\/et_pb_section][et_pb_section fb_built=\u00a0\u00bb1&Prime; admin_label=\u00a0\u00bbs8 content\u00a0\u00bb module_class=\u00a0\u00bbsection-12 toggle-section  toggle-content \u00a0\u00bb _builder_version=\u00a0\u00bb4.19.5&Prime; _module_preset=\u00a0\u00bbdefault\u00a0\u00bb custom_padding=\u00a0\u00bb0px||||false|false\u00a0\u00bb global_colors_info=\u00a0\u00bb{}\u00a0\u00bb][et_pb_row _builder_version=\u00a0\u00bb4.16&Prime; _module_preset=\u00a0\u00bbdefault\u00a0\u00bb background_enable_color=\u00a0\u00bboff\u00a0\u00bb global_colors_info=\u00a0\u00bb{}\u00a0\u00bb][et_pb_column type=\u00a0\u00bb4_4&Prime; _builder_version=\u00a0\u00bb4.16&Prime; _module_preset=\u00a0\u00bbdefault\u00a0\u00bb global_colors_info=\u00a0\u00bb{}\u00a0\u00bb][et_pb_text _builder_version=\u00a0\u00bb4.24.2&Prime; _module_preset=\u00a0\u00bbdefault\u00a0\u00bb global_colors_info=\u00a0\u00bb{}\u00a0\u00bb]<\/p>\n<p>Le <a href=\"https:\/\/www.nwmo.ca\/fr\/Who-we-are\/How-were-governed\/Peer-review\" target=\"_blank\" rel=\"noopener\">Groupe d\u2019examen pour la s\u00e9lection d\u2019un site<\/a> est compos\u00e9 de deux membres de renomm\u00e9e internationale de diff\u00e9rents horizons professionnels. Le groupe fournit des conseils et des avis ind\u00e9pendants sur l\u2019approche finale qu\u2019adoptera la SGDN pour choisir un site, afin de s\u2019assurer que le processus d\u00e9cisionnel est raisonnable, exhaustif, cr\u00e9dible et rigoureux.<\/p>\n<p>Les membres de ce groupe ont des connaissances et une exp\u00e9rience des processus et des meilleures pratiques internationales en mati\u00e8re de s\u00e9lection d\u2019un site de d\u00e9chets nucl\u00e9aires.<\/p>\n<p>[\/et_pb_text][\/et_pb_column][\/et_pb_row][\/et_pb_section][et_pb_section fb_built=\u00a0\u00bb1&Prime; admin_label=\u00a0\u00bbCommunity-Based Transportation Working Group\u00a0\u00bb module_id=\u00a0\u00bbsection-13&Prime; module_class=\u00a0\u00bbtoggle-section\u00a0\u00bb _builder_version=\u00a0\u00bb4.19.5&Prime; _module_preset=\u00a0\u00bbdefault\u00a0\u00bb custom_padding=\u00a0\u00bb0px||0px||false|false\u00a0\u00bb global_colors_info=\u00a0\u00bb{}\u00a0\u00bb][et_pb_row _builder_version=\u00a0\u00bb4.16&Prime; _module_preset=\u00a0\u00bbdefault\u00a0\u00bb global_colors_info=\u00a0\u00bb{}\u00a0\u00bb][et_pb_column type=\u00a0\u00bb4_4&Prime; _builder_version=\u00a0\u00bb4.16&Prime; _module_preset=\u00a0\u00bbdefault\u00a0\u00bb global_colors_info=\u00a0\u00bb{}\u00a0\u00bb][et_pb_text module_class=\u00a0\u00bbtoggle-btn\u00a0\u00bb _builder_version=\u00a0\u00bb4.24.2&Prime; _module_preset=\u00a0\u00bbdefault\u00a0\u00bb header_2_font=\u00a0\u00bb|300|||||||\u00a0\u00bb header_3_font=\u00a0\u00bb|300|||||||\u00a0\u00bb global_colors_info=\u00a0\u00bb{}\u00a0\u00bb]<\/p>\n<h2>Groupe de travail de membres des collectivit\u00e9s sur le transport<\/h2>\n<p>[\/et_pb_text][\/et_pb_column][\/et_pb_row][\/et_pb_section][et_pb_section fb_built=\u00a0\u00bb1&Prime; admin_label=\u00a0\u00bbcontent &#8211; Community-Based Transportation Working Group\u00a0\u00bb module_class=\u00a0\u00bbsection-13 toggle-section  toggle-content \u00a0\u00bb _builder_version=\u00a0\u00bb4.19.5&Prime; _module_preset=\u00a0\u00bbdefault\u00a0\u00bb custom_padding=\u00a0\u00bb0px||||false|false\u00a0\u00bb global_colors_info=\u00a0\u00bb{}\u00a0\u00bb][et_pb_row _builder_version=\u00a0\u00bb4.16&Prime; _module_preset=\u00a0\u00bbdefault\u00a0\u00bb background_enable_color=\u00a0\u00bboff\u00a0\u00bb global_colors_info=\u00a0\u00bb{}\u00a0\u00bb][et_pb_column type=\u00a0\u00bb4_4&Prime; _builder_version=\u00a0\u00bb4.16&Prime; _module_preset=\u00a0\u00bbdefault\u00a0\u00bb global_colors_info=\u00a0\u00bb{}\u00a0\u00bb][et_pb_text _builder_version=\u00a0\u00bb4.24.2&Prime; _module_preset=\u00a0\u00bbdefault\u00a0\u00bb global_colors_info=\u00a0\u00bb{}\u00a0\u00bb]<\/p>\n<p>La SGDN a mis sur pied le Groupe de travail de membres des collectivit\u00e9s sur le transport afin de recueillir les commentaires d\u2019un large \u00e9ventail de personnes en Ontario, au Qu\u00e9bec et au Nouveau-Brunswick sur la fa\u00e7on dont le cadre de planification du transport de la SGDN devrait \u00eatre mis en oeuvre, y compris sur la planification collaborative du transport et sur la concertation et le dialogue associ\u00e9s au programme de transport. Les membres de ce groupe de travail agissent \u00e0 titre de conseillers ind\u00e9pendants.<\/p>\n<p>[\/et_pb_text][\/et_pb_column][\/et_pb_row][\/et_pb_section][et_pb_section fb_built=\u00a0\u00bb1&Prime; admin_label=\u00a0\u00bbPeer reviews\u00a0\u00bb module_id=\u00a0\u00bbsection-14&Prime; module_class=\u00a0\u00bbtoggle-section\u00a0\u00bb _builder_version=\u00a0\u00bb4.19.5&Prime; _module_preset=\u00a0\u00bbdefault\u00a0\u00bb custom_padding=\u00a0\u00bb0px||0px||false|false\u00a0\u00bb global_colors_info=\u00a0\u00bb{}\u00a0\u00bb][et_pb_row _builder_version=\u00a0\u00bb4.16&Prime; _module_preset=\u00a0\u00bbdefault\u00a0\u00bb global_colors_info=\u00a0\u00bb{}\u00a0\u00bb][et_pb_column type=\u00a0\u00bb4_4&Prime; _builder_version=\u00a0\u00bb4.16&Prime; _module_preset=\u00a0\u00bbdefault\u00a0\u00bb global_colors_info=\u00a0\u00bb{}\u00a0\u00bb][et_pb_text module_class=\u00a0\u00bbtoggle-btn\u00a0\u00bb _builder_version=\u00a0\u00bb4.24.2&Prime; _module_preset=\u00a0\u00bbdefault\u00a0\u00bb header_2_font=\u00a0\u00bb|300|||||||\u00a0\u00bb header_3_font=\u00a0\u00bb|300|||||||\u00a0\u00bb global_colors_info=\u00a0\u00bb{}\u00a0\u00bb]<\/p>\n<h2>Examens par des pairs<\/h2>\n<p>[\/et_pb_text][\/et_pb_column][\/et_pb_row][\/et_pb_section][et_pb_section fb_built=\u00a0\u00bb1&Prime; admin_label=\u00a0\u00bbPeer reviews &#8211; content\u00a0\u00bb module_class=\u00a0\u00bbsection-14 toggle-section  toggle-content \u00a0\u00bb _builder_version=\u00a0\u00bb4.19.5&Prime; _module_preset=\u00a0\u00bbdefault\u00a0\u00bb custom_padding=\u00a0\u00bb0px||||false|false\u00a0\u00bb global_colors_info=\u00a0\u00bb{}\u00a0\u00bb][et_pb_row _builder_version=\u00a0\u00bb4.16&Prime; _module_preset=\u00a0\u00bbdefault\u00a0\u00bb global_colors_info=\u00a0\u00bb{}\u00a0\u00bb][et_pb_column type=\u00a0\u00bb4_4&Prime; _builder_version=\u00a0\u00bb4.16&Prime; _module_preset=\u00a0\u00bbdefault\u00a0\u00bb global_colors_info=\u00a0\u00bb{}\u00a0\u00bb][et_pb_text _builder_version=\u00a0\u00bb4.24.2&Prime; _module_preset=\u00a0\u00bbdefault\u00a0\u00bb global_colors_info=\u00a0\u00bb{}\u00a0\u00bb]<\/p>\n<p>Nous nous assurons que nos travaux reposent sur les meilleures connaissances scientifiques en collaborant avec des scientifiques et des experts de premier plan issus du milieu universitaire, de l\u2019industrie ou de groupes de recherche internationaux. Nous continuons \u00e0 demander \u00e0 des experts externes ind\u00e9pendants d\u2019examiner et de commenter nos travaux techniques dans le cadre d\u2019<a href=\"https:\/\/www.nwmo.ca\/fr\/Who-we-are\/How-were-governed\/Peer-review\" target=\"_blank\" rel=\"noopener\">examens par des pairs<\/a> avant de pr\u00e9senter les r\u00e9sultats de nos recherches dans des revues scientifiques ou \u00e0 des conf\u00e9rences. Ces examens externes aident \u00e0 nous assurer que les normes techniques les plus \u00e9lev\u00e9es sont respect\u00e9es et que les travaux demeurent conformes aux meilleures pratiques internationales.<\/p>\n<p>[\/et_pb_text][\/et_pb_column][\/et_pb_row][\/et_pb_section]<\/p>\n","protected":false},"excerpt":{"rendered":"<p>Dans le cadre d\u2019une bonne gouvernance, la direction de la SGDN tient le Conseil d\u2019administration au courant de la mise en oeuvre \u00e0 long terme s\u00fbre du plan canadien.Gouvernance et reddition de comptes \t<div class=\"share-menu\">\n\t\t<a href=\"#\" class=\"share-btn\" title=\"Share\">\n\t\t\t<div class=\"et_pb_module et_pb_icon title_share\">\n\t\t\t\t<span class=\"et_pb_icon_wrap \"><span class=\"et-pb-icon\">\ue605<\/span><\/span>\n\t\t\t<\/div>\n\t\t<\/a>\n\t\t\n\t<\/div>\n\t<div class=\"social-media social-share\" style=\"display: none;\">\n\t\t<div class=\"share-menu-inner\">\n\t\t\t<a href=\"mailto:?subject=Gouvernance et reddition de comptes&body=https:\/\/annualreport.nwmo.ca\/2023\/fr\/governance-and-accountability\/\" target=\"_blank\" title=\"Email\"><div class=\"et_pb_module et_pb_icon\">\n\t\t\t\t<span class=\"et_pb_icon_wrap\"><span class=\"et-pb-icon\">\ue076<\/span><\/span>\n\t\t\t<\/div><\/a>\t\t\t<a href=\"https:\/\/www.facebook.com\/sharer\/sharer.php?u=https:\/\/annualreport.nwmo.ca\/2023\/fr\/governance-and-accountability\/\" target=\"_blank\" title=\"Facebook\"><div class=\"et_pb_module et_pb_icon\">\n\t\t\t\t<span class=\"et_pb_icon_wrap\"><span class=\"et-pb-icon\">\ue093<\/span><\/span>\n\t\t\t<\/div><\/a>\t\t\t<a href=\"https:\/\/www.messenger.com\/\" target=\"_blank\" title=\"Messenger\"><div class=\"et_pb_module et_pb_icon font-awesome\">\n\t\t\t\t<span class=\"et_pb_icon_wrap\"><span class=\"et-pb-icon\">\uf39f<\/span><\/span>\n\t\t\t<\/div><\/a>\t\t\t<a href=\"http:\/\/twitter.com\/share?text=Gouvernance et reddition de comptes&url=https:\/\/annualreport.nwmo.ca\/2023\/fr\/governance-and-accountability\/\" target=\"_blank\"  title=\"Twitter\"><div class=\"et_pb_module et_pb_icon\">\n\t\t\t\t<span class=\"et_pb_icon_wrap\"><span class=\"et-pb-icon\">\ue094<\/span><\/span>\n\t\t\t<\/div><\/a>\t\t\t<a href=\"https:\/\/www.linkedin.com\/shareArticle?mini=true&url=https:\/\/annualreport.nwmo.ca\/2023\/fr\/governance-and-accountability\/\" target=\"_blank\" title=\"Linkedin\"><div class=\"et_pb_module et_pb_icon\">\n\t\t\t\t<span class=\"et_pb_icon_wrap\"><span class=\"et-pb-icon\">\ue09d<\/span><\/span>\n\t\t\t<\/div><\/a>\t\t\t<a href=\"whatsapp:\/\/send?text=Gouvernance et reddition de comptes - https:\/\/annualreport.nwmo.ca\/2023\/fr\/governance-and-accountability\/\" target=\"_blank\" title=\"WhatsApp\"><div class=\"et_pb_module et_pb_icon font-awesome\">\n\t\t\t\t<span class=\"et_pb_icon_wrap\"><span class=\"et-pb-icon\">\uf232<\/span><\/span>\n\t\t\t<\/div><\/a>\t\t\t<a href=\"#\" class=\"copy-url\" data-url=\"https:\/\/annualreport.nwmo.ca\/2023\/fr\/governance-and-accountability\/\" title=\"Copier le lien\">\n\t\t\t\t<div class=\"et_pb_module et_pb_icon\">\n\t\t\t\t\t<span class=\"et_pb_icon_wrap\"><span class=\"et-pb-icon\">\ue059<\/span><\/span>\n\t\t\t\t<\/div>\n\t\t\t<\/a>\t\t<\/div>\n\t<\/div>\n\n\tLes Canadiens et les peuples autochtones peuvent \u00eatre assur\u00e9s que l\u2019organisation responsable de la gestion \u00e0 long terme s\u00fbre des d\u00e9chets radioactifs [&hellip;]<\/p>\n","protected":false},"author":1,"featured_media":0,"parent":0,"menu_order":0,"comment_status":"closed","ping_status":"closed","template":"","meta":{"_et_pb_use_builder":"on","_et_pb_old_content":"","_et_gb_content_width":"","footnotes":""},"class_list":["post-3501","page","type-page","status-publish","hentry"],"_links":{"self":[{"href":"https:\/\/annualreport.nwmo.ca\/2023\/fr\/wp-json\/wp\/v2\/pages\/3501","targetHints":{"allow":["GET"]}}],"collection":[{"href":"https:\/\/annualreport.nwmo.ca\/2023\/fr\/wp-json\/wp\/v2\/pages"}],"about":[{"href":"https:\/\/annualreport.nwmo.ca\/2023\/fr\/wp-json\/wp\/v2\/types\/page"}],"author":[{"embeddable":true,"href":"https:\/\/annualreport.nwmo.ca\/2023\/fr\/wp-json\/wp\/v2\/users\/1"}],"replies":[{"embeddable":true,"href":"https:\/\/annualreport.nwmo.ca\/2023\/fr\/wp-json\/wp\/v2\/comments?post=3501"}],"version-history":[{"count":0,"href":"https:\/\/annualreport.nwmo.ca\/2023\/fr\/wp-json\/wp\/v2\/pages\/3501\/revisions"}],"wp:attachment":[{"href":"https:\/\/annualreport.nwmo.ca\/2023\/fr\/wp-json\/wp\/v2\/media?parent=3501"}],"curies":[{"name":"wp","href":"https:\/\/api.w.org\/{rel}","templated":true}]}}